{"id":41271,"date":"2012-06-08T19:15:00","date_gmt":"2012-06-08T19:15:00","guid":{"rendered":"https:\/\/dev.cenb.org.br\/?post_type=historical-figures&#038;p=41271"},"modified":"2025-10-21T21:39:21","modified_gmt":"2025-10-21T21:39:21","slug":"naoya-samejima","status":"publish","type":"historical-figures","link":"https:\/\/cenb.org.br\/pt\/historical-figures\/naoya-samejima\/","title":{"rendered":"\u9bab\u5cf6\u76f4\u54c9 Naoya Samejima"},"content":{"rendered":"<p class=\"has-text-align-right\">sexta-feira, 08 de junho de 2012<\/p>\n\n\n\n<figure class=\"wp-block-image aligncenter size-full is-resized\"><img loading=\"lazy\" decoding=\"async\" width=\"136\" height=\"200\" src=\"https:\/\/cenb.org.br\/wp-content\/uploads\/2025\/04\/samejima_naoya.jpg\" alt=\"\" class=\"wp-image-21140\" style=\"width:193px;height:auto\" srcset=\"https:\/\/cenb.org.br\/wp-content\/uploads\/2025\/04\/samejima_naoya.jpg 136w, https:\/\/cenb.org.br\/wp-content\/uploads\/2025\/04\/samejima_naoya-8x12.jpg 8w\" sizes=\"auto, (max-width: 136px) 100vw, 136px\" \/><\/figure>\n\n\n\n<p>O Sr. Naoya Samejima era natural de Higashi-Kaseda, no distrito de Kawanabe, prov\u00edncia de Kagoshima, compartilhando a mesma terra natal que o Sr. Eiz\u014d Ohara. Assim como o saudoso Ohara, os nativos de Kagoshima s\u00e3o, de modo geral, homens de poucas palavras e focados na pr\u00e1tica; al\u00e9m disso, \u00e9 raro encontrar entre eles algu\u00e9m do tipo avarento.\n\nN\u00e3o s\u00e3o dados a lisonjas para subir na vida perante seus superiores, nem costumam ser autorit\u00e1rios com seus subordinados. No entanto, realizam o que deve ser feito e, quando \u00e9 necess\u00e1rio investir ou contribuir, fazem-no generosamente sem precisar de cobran\u00e7as. Seria essa retid\u00e3o uma tradi\u00e7\u00e3o intr\u00ednseca ao temperamento do povo de Kagoshima? De qualquer forma, trata-se de uma personalidade extremamente singular e marcante.<br>\u3000<br>A personalidade do Sr. Naoya Samejima era a personifica\u00e7\u00e3o exata desse perfil. Ele chegou ao Brasil ainda jovem, solteiro e trabalhando como carpinteiro, a bordo do Kasato Maru \u2014 a primeira expedi\u00e7\u00e3o de imigrantes. Sem hesita\u00e7\u00f5es, manteve-se fiel ao seu of\u00edcio por cinquenta anos, evoluindo de carpinteiro a empreiteiro de constru\u00e7\u00e3o civil. Durante todo esse tempo, nunca deixou a cidade de S\u00e3o Paulo, crescendo e prosperando junto com a metr\u00f3pole.\n\nEm 1912 (45\u00ba ano da Era Meiji), casou-se com a Sra. Ito, terceira filha do Sr. Eisuke Tsuji, com quem teve cinco filhos, todos criados com excel\u00eancia. Por si s\u00f3, o fato de ter prosperado e educado bem sua fam\u00edlia j\u00e1 seria digno de nota especial para um imigrante da primeira leva, marcada por in\u00fameras prova\u00e7\u00f5es e poucas recompensas. Contudo, ele foi al\u00e9m, deixando in\u00fameras contribui\u00e7\u00f5es tang\u00edveis e intang\u00edveis.<br><br>O que ele considerava com maior seriedade eram as quest\u00f5es da educa\u00e7\u00e3o da segunda gera\u00e7\u00e3o (Nissei) e a sa\u00fade e higiene de seus compatriotas. Essas preocupa\u00e7\u00f5es tornaram-se o foco de suas a\u00e7\u00f5es a partir de 1919 (8\u00ba ano da Era Taish\u014d), quando sua situa\u00e7\u00e3o financeira finalmente se estabilizou. Acredita-se que a Escola Taish\u014d, fundada pelo Sr. Shinz\u014d Miyazaki, s\u00f3 p\u00f4de lan\u00e7ar as bases de sua estrutura atual gra\u00e7as \u00e0 presen\u00e7a e ao apoio incondicional de Naoya Samejima.\n\nNo \u00e2mbito da sa\u00fade, com a funda\u00e7\u00e3o da Associa\u00e7\u00e3o de Assist\u00eancia M\u00fatua dos Japoneses no Brasil (Dojinkai) em 1924 (13\u00ba ano da Era Taish\u014d), ele serviu como diretor por longos anos. No caso do atual Hospital Santa Cruz, ele desempenhou um papel fundamental nos bastidores, trabalhando incansavelmente e em sil\u00eancio desde a sele\u00e7\u00e3o do terreno at\u00e9 a conclus\u00e3o das obras. Samejima amava profundamente o hospital, onde veio a falecer por enfermidade em 4 de fevereiro de 1955 (30\u00ba ano da Era Sh\u014dwa).\n\nSua conduta abnegada tocou tanto a comunidade japonesa quanto a brasileira, que sentiram o dever de retribuir a tamanha dedica\u00e7\u00e3o. Em 23 de abril do ano de seu falecimento, foi realizada a cerim\u00f4nia de inaugura\u00e7\u00e3o de uma placa em sua homenagem nas depend\u00eancias do hospital. Nesta placa de reconhecimento, est\u00e3o gravadas as palavras: \"Pioneiro japon\u00eas no Brasil, Membro da comiss\u00e3o de constru\u00e7\u00e3o do Hospital Santa Cruz, Diretor da Sociedade de Benemer\u00eancia Santa Cruz e grande colaborador do hospital\".<br><br>\"O tempo continuar\u00e1 seu fluxo eterno, sem jamais cessar. Da mesma forma, a humanidade repetir\u00e1 infinitamente o ciclo entre o bem e o mal, entre a ascens\u00e3o e o decl\u00ednio. Contudo, a alma permanece imut\u00e1vel, e as a\u00e7\u00f5es de bondade e de verdade s\u00e3o imortais.\"<br><br>Nota Adicional: O Sr. Samejima serviu na Guerra Russo-Japonesa, incorporado ao 45\u00ba Regimento de Infantaria de Kagoshima, sob a jurisdi\u00e7\u00e3o da 6\u00aa Divis\u00e3o do Ex\u00e9rcito. Ele estendeu seu per\u00edodo de perman\u00eancia no quartel como instrutor de esgrima de baioneta, treinando os volunt\u00e1rios de um ano. Ap\u00f3s a baixa do servi\u00e7o militar, aos 24 anos de idade, imigrou para o Brasil, onde passou a dedicar-se \u00e0 ind\u00fastria da constru\u00e7\u00e3o.<\/p>","protected":false},"featured_media":21140,"template":"","special_columns":[978],"class_list":["post-41271","historical-figures","type-historical-figures","status-publish","has-post-thumbnail","hentry","special_columns-pioneers"],"blocksy_meta":[],"acf":[],"_links":{"self":[{"href":"https:\/\/cenb.org.br\/pt\/wp-json\/wp\/v2\/historical-figures\/41271","targetHints":{"allow":["GET"]}}],"collection":[{"href":"https:\/\/cenb.org.br\/pt\/wp-json\/wp\/v2\/historical-figures"}],"about":[{"href":"https:\/\/cenb.org.br\/pt\/wp-json\/wp\/v2\/types\/historical-figures"}],"wp:featuredmedia":[{"embeddable":true,"href":"https:\/\/cenb.org.br\/pt\/wp-json\/wp\/v2\/media\/21140"}],"wp:attachment":[{"href":"https:\/\/cenb.org.br\/pt\/wp-json\/wp\/v2\/media?parent=41271"}],"wp:term":[{"taxonomy":"special_columns","embeddable":true,"href":"https:\/\/cenb.org.br\/pt\/wp-json\/wp\/v2\/special_columns?post=41271"}],"curies":[{"name":"wp","href":"https:\/\/api.w.org\/{rel}","templated":true}]}}