{"id":41295,"date":"2010-05-06T18:03:00","date_gmt":"2010-05-06T18:03:00","guid":{"rendered":"https:\/\/dev.cenb.org.br\/?post_type=historical-figures&#038;p=41295"},"modified":"2025-10-22T13:57:14","modified_gmt":"2025-10-22T13:57:14","slug":"itaro-ishii","status":"publish","type":"historical-figures","link":"https:\/\/cenb.org.br\/pt\/historical-figures\/itaro-ishii\/","title":{"rendered":"\u77f3\u5c04\u732a\u592a\u90ce Itaro Ishii"},"content":{"rendered":"<p class=\"has-text-align-right\">quinta-feira, 06 de maio de 2010<\/p>\n\n\n\n<figure class=\"wp-block-image aligncenter size-full\"><img loading=\"lazy\" decoding=\"async\" width=\"195\" height=\"290\" src=\"https:\/\/cenb.org.br\/wp-content\/uploads\/2025\/04\/itarou_ishii.jpg\" alt=\"\" class=\"wp-image-21062\" srcset=\"https:\/\/cenb.org.br\/wp-content\/uploads\/2025\/04\/itarou_ishii.jpg 195w, https:\/\/cenb.org.br\/wp-content\/uploads\/2025\/04\/itarou_ishii-8x12.jpg 8w\" sizes=\"auto, (max-width: 195px) 100vw, 195px\" \/><\/figure>\n\n\n\n<p>O Sr. Itar\u014d Ishii foi nomeado o sexto embaixador extraordin\u00e1rio e plenipotenci\u00e1rio no Brasil em 14 de setembro de 1940 (15\u00ba ano da Era Sh\u014dwa), enquanto a Segunda Guerra Sino-Japonesa avan\u00e7ava. Ele partiu de T\u00f3quio em 4 de outubro e chegou ao Rio em 13 de novembro do mesmo ano.<br><br>Assim que assumiu o cargo, uma semana depois, no dia 19, ele realizou a cerim\u00f4nia de abertura do Pavilh\u00e3o Japon\u00eas, na 13\u00aa Exposi\u00e7\u00e3o Internacional da Capital Federal. Em 8 de abril do ano seguinte, 1941 (16\u00ba ano da Era Sh\u014dwa), ele apresentou ao presidente Get\u00falio Vargas a Grande Ordem do Cris\u00e2ntemo com Colar e Gr\u00e3-Cruz (<em>Dai Kun'i Kikka Dai Jush\u014d<\/em>), uma honraria que havia sido anunciada, juntamente a uma carta pessoal, pelo imperador no m\u00eas de dezembro do ano anterior.<br><br>Originalmente, o Sr. Ishii tinha la\u00e7os profundos com a Rep\u00fablica da China. Ele era de \u014caza \u014ctagawa, vila Kawasaki, distrito de Nishishirakawa, na prov\u00edncia de Fukushima. Nasceu em em 6 de fevereiro de 1887 (20\u00ba ano da Era Meiji).<br><br>Em junho de 1908 (41\u00ba ano da Era Meiji), ele se graduou no Departamento de Com\u00e9rcio do <em>T\u014da D\u014dbun Shoin<\/em>, em Xangai, e em setembro daquele ano at\u00e9 1911 serviu na Ferrovia do Sul da Manch\u00faria (Mantetsu). Com o objetivo de se tornar um funcion\u00e1rio p\u00fablico, ele foi aprovado no exame superior para funcion\u00e1rios civis em novembro de 1913 (2\u00ba ano da Era Taish\u014d). Em seguida, foi aprovado no exame para diplomatas e c\u00f4nsules em outubro de 1915 (4\u00ba ano da Era Taish\u014d), tornando-se um burocrata do Minist\u00e9rio das Rela\u00e7\u00f5es Exteriores.\nEm novembro, foi nomeado adido consular e designado para atuar em Xangai. <br><br> Posteriormente, serviu em Canton (Guangzhou), Tianjin e outros locais, antes de deixar a China pela primeira vez em setembro de 1918 (7\u00ba ano da Era Taish\u014d), transferindo-se para S\u00e3o Francisco. Ele serviu em Washington, M\u00e9xico e outros postos, retornando ao Jap\u00e3o em licen\u00e7a em janeiro de 1924 (13\u00ba ano da Era Taish\u014d), quando assumiu o cargo de chefe da terceira se\u00e7\u00e3o do Departamento de Com\u00e9rcio, conhecido na \u00e9poca como o \"chefe da se\u00e7\u00e3o de imigra\u00e7\u00e3o\".<br><br><br>O Sr. Ishii permaneceu como chefe da se\u00e7\u00e3o de imigra\u00e7\u00e3o por seis anos e, nesse per\u00edodo, ele enviou aproximadamente 50.000 imigrantes para o Brasil por meio da Companhia Ultramarina de Coloniza\u00e7\u00e3o.<br><br>Em setembro de 1929 (4\u00ba ano da Era Sh\u014dwa), ele foi nomeado c\u00f4nsul geral, retornando aos assuntos relacionados \u00e0 China, e atuou em Jilin. Em julho de 1932 (7\u00ba ano da Era Sh\u014dwa), foi designado para Xangai, vivendo na China por sete anos, at\u00e9 julho de 1936 (11\u00ba ano da Era Sh\u014dwa). Ele foi nomeado ministro extraordin\u00e1rio e plenipotenci\u00e1rio e designado para servir no Si\u00e3o, Tail\u00e2ndia, em julho de 1936, (11\u00ba ano da Era Sh\u014dwa). Sua promo\u00e7\u00e3o a embaixador extraordin\u00e1rio e plenipotenci\u00e1rio e sua chegada ao Brasil ocorreram, conforme mencionado anteriormente, em novembro de 1940 (15\u00ba ano da Era Sh\u014dwa).<br><br>Com a intensifica\u00e7\u00e3o da Segunda Guerra Sino-Japonesa, o fluxo de imigrantes praticamente cessou, e ele se viu for\u00e7ado a uma situa\u00e7\u00e3o em que n\u00e3o havia trabalho para o embaixador no Brasil, ficando de m\u00e3os atadas.\nSua \u00fanica fun\u00e7\u00e3o, no entanto, limitava-se a prestar assist\u00eancia \u00e0s pessoas que vinham do Jap\u00e3o para adquirir materiais estrat\u00e9gicos brasileiros, incluindo diamantes industriais, cristal de rocha (quartzo), couro e algod\u00e3o.<br><br>O Sr. Ishii, sob o pseud\u00f4nimo de \"Aodoro\" (\"Lama Azul\/Verde\"), compunha <em>haiku<\/em>. Al\u00e9m disso, por ser um graduado do <em>T\u014da D\u014dbun Shoin<\/em> na China, ele tamb\u00e9m era proficiente em poesia chinesa (<em>kanshi<\/em>). Ele consolava o t\u00e9dio e dissipava a melancolia compondo <em>haiku<\/em> ou recitando <em>kanshi<\/em>.<br><br>Na resid\u00eancia do embaixador na rua Laranjeiras, no Rio, havia uma magn\u00f3lia que, na esta\u00e7\u00e3o, florescia com belas flores brancas. Isso tamb\u00e9m servia de semente para alimentar a \"inspira\u00e7\u00e3o po\u00e9tica\", denominada <em>shin\u014d<\/em>, do Sr. Ishii.<br><br>A Segunda Guerra Sino-Japonesa evoluiu para a Guerra do Pac\u00edfico. O Sr. Ishii, embaixador no Brasil, nunca visitou S\u00e3o Paulo durante seu mandato, preocupado que sua visita pudesse, de alguma forma, causar problemas aos residentes japoneses.\nCom a entrada do Jap\u00e3o na Segunda Guerra Mundial, a situa\u00e7\u00e3o se tornou ainda mais restritiva. A partir de 1942 (17\u00ba ano da Era Sh\u014dwa), come\u00e7aram a surgir casos de residentes japoneses no Rio e em S\u00e3o Paulo sendo confinados.\nO Sr. Hideo Aragaki, correspondente especial do <em>Asahi Shimbun<\/em>, o Sr. Yutaka Shiino, correspondente da ag\u00eancia de not\u00edcias <em>D\u014dmei<\/em>, o Sr. Susumu Kobayashi, que \u00e9 atualmente diretor-executivo da Associa\u00e7\u00e3o Central Nipo-Brasileira, e o Sr. Haisui Akiyama, da filial de S\u00e3o Paulo do Banco de T\u00f3quio, estavam no Rio nessa \u00e9poca e estavam entre os companheiros que foram confinados em uma ilha isolada na Ba\u00eda de Guanabara.<br><br>\nEm 3 de julho de 1942 (17\u00ba ano da Era Sh\u014dwa), o navio de interc\u00e2mbio '<em>Gripsholm<\/em>', que partira dos Estados Unidos, fez escala no Rio, embarcou o embaixador Ishii, os funcion\u00e1rios da embaixada, o adido militar Utsunomiya, o adido naval Shigehiro e seu assistente, bem como os indiv\u00edduos confinados mencionados, e partiu.<br><br>\nEm 20 de julho, o navio de interc\u00e2mbio fez escala em Louren\u00e7o Marques, na ent\u00e3o col\u00f4nia portuguesa de Mo\u00e7ambique, onde encontrou os navios japoneses <em>Asama Maru<\/em> e Conde Verde, realizando a troca de passageiros. Partiu do porto no dia 26. O embaixador Ishii embarcou no <em>Asama Maru<\/em> e chegou de volta a T\u00f3quio em 20 de agosto.<br><br>Em 18 de setembro do mesmo ano, ele foi dispensado do posto no Brasil e, em 6 de setembro de 1943 (18\u00ba ano da Era Sh\u014dwa), foi designado para servir na Birm\u00e2nia, atual Mianmar, mas ele se aposentou do Minist\u00e9rio das Rela\u00e7\u00f5es Exteriores com o fim da guerra.<br><br>Posteriormente, ele serviu como presidente da Sociedade de Pesquisa em Diplomacia Econ\u00f4mica e presidente da Associa\u00e7\u00e3o de Estudos <em>T\u014dh\u014d<\/em>, entre outros cargos. Em novembro de 1953 (28\u00ba ano da Era Sh\u014dwa), quando a Federa\u00e7\u00e3o das Associa\u00e7\u00f5es Japonesas de Emigra\u00e7\u00e3o foi estabelecida como funda\u00e7\u00e3o e o Sr. Sh\u014dz\u014d Murata se tornou seu presidente, ele foi convidado a assumir a vice-presid\u00eancia.\nEmbora se esperasse que ele realizasse grandes feitos nesse novo papel, ele faleceu pouco tempo depois de assumir o cargo, em 9 de fevereiro de 1954 (29\u00ba ano da Era Sh\u014dwa).<\/p>","protected":false},"featured_media":21062,"template":"","special_columns":[978],"class_list":["post-41295","historical-figures","type-historical-figures","status-publish","has-post-thumbnail","hentry","special_columns-pioneers"],"blocksy_meta":[],"acf":[],"_links":{"self":[{"href":"https:\/\/cenb.org.br\/pt\/wp-json\/wp\/v2\/historical-figures\/41295","targetHints":{"allow":["GET"]}}],"collection":[{"href":"https:\/\/cenb.org.br\/pt\/wp-json\/wp\/v2\/historical-figures"}],"about":[{"href":"https:\/\/cenb.org.br\/pt\/wp-json\/wp\/v2\/types\/historical-figures"}],"wp:featuredmedia":[{"embeddable":true,"href":"https:\/\/cenb.org.br\/pt\/wp-json\/wp\/v2\/media\/21062"}],"wp:attachment":[{"href":"https:\/\/cenb.org.br\/pt\/wp-json\/wp\/v2\/media?parent=41295"}],"wp:term":[{"taxonomy":"special_columns","embeddable":true,"href":"https:\/\/cenb.org.br\/pt\/wp-json\/wp\/v2\/special_columns?post=41295"}],"curies":[{"name":"wp","href":"https:\/\/api.w.org\/{rel}","templated":true}]}}