{"id":18644,"date":"2025-03-06T16:19:10","date_gmt":"2025-03-06T16:19:10","guid":{"rendered":"https:\/\/dev.cenb.org.br\/?page_id=18644"},"modified":"2025-10-06T23:10:56","modified_gmt":"2025-10-06T23:10:56","slug":"research","status":"publish","type":"page","link":"https:\/\/cenb.org.br\/pt\/research\/","title":{"rendered":"Pesquisas e Estudos"},"content":{"rendered":"<div class=\"wp-block-greenshift-blocks-row gspb_row gspb_row-id-gsbp-6db374d\" id=\"gspb_row-id-gsbp-6db374d\"><div class=\"gspb_row__content\"> \n<div class=\"wp-block-greenshift-blocks-row-column gspb_row__col--12 gspb_col-id-gsbp-2f5f616\" id=\"gspb_col-id-gsbp-2f5f616\">\n<h2 id=\"gspb_heading-id-gsbp-23b48f0\" class=\"gspb_heading gspb_heading-id-gsbp-23b48f0\">Atividades de Pesquisa<\/h2>\n\n\n\n<div style=\"height:20px\" aria-hidden=\"true\" class=\"wp-block-spacer\"><\/div>\n\n\n\n<div id=\"gspb_text-id-gsbp-2a53743\" class=\"gspb_text gspb_text-id-gsbp-2a53743\">Pesquisas desenvolvidas<\/div>\n\n\n\n<div style=\"height:40px\" aria-hidden=\"true\" class=\"wp-block-spacer\"><\/div>\n\n\n\n<div id=\"01\" class=\"wp-block-group is-nowrap is-layout-flex wp-container-core-group-is-layout-5c4495dd wp-block-group-is-layout-flex\">\n<div class=\"wp-block-greenshift-blocks-iconbox gspb_iconBox gspb_iconBox-id-gsbp-6b1daef\" id=\"gspb_iconBox-id-gsbp-6b1daef\"><div class=\"gspb_iconBox__wrapper\" style=\"display:inline-flex\"><svg class=\"\" style=\"display:inline-block;vertical-align:middle\" width=\"72\" height=\"72\" viewbox=\"0 0 896 1024\" xmlns=\"https:\/\/www.w3.org\/2000\/svg\"><path style=\"fill:#565D66\" d=\"M832 416h-768c-35.34 0-64 28.66-64 64v64c0 35.34 28.66 64 64 64h768c35.34 0 64-28.66 64-64v-64c0-35.34-28.66-64-64-64z\"><\/path><\/svg><\/div><\/div>\n\n\n\n<h3 id=\"gspb_heading-id-gsbp-784c969\" class=\"gspb_heading gspb_heading-id-gsbp-784c969\"><strong>Pesquisas realizadas em conjunto ou por encomenda<\/strong><\/h3>\n<\/div>\n\n\n\n<div id=\"gspb_text-id-gsbp-4221082\" class=\"gspb_text gspb_text-id-gsbp-4221082\">Desde a sua funda\u00e7\u00e3o, a presente entidade vem desenvolvendo diversos tipos de pesquisa, tais como aquelas realizadas individualmente por seus membros, aquelas que s\u00e3o realizadas em conjunto com outras entidades e aquelas que s\u00e3o realizadas sob encomenda. Destacamos, a seguir, os principais pesquisadores a passarem por esta entidade e suas respectivas \u00e1reas de investiga\u00e7\u00e3o:<\/div>\n\n\n\n<div class=\"wp-block-stackable-columns stk-block-columns stk-block stk-e220148\" id=\"3-1\" data-block-id=\"e220148\"><style>.stk-e220148 {margin-bottom:90px !important;}.stk-e220148-column{--stk-column-gap:30px !important;row-gap:30px !important;}<\/style><div class=\"stk-row stk-inner-blocks stk-block-content stk-content-align stk-e220148-column\">\n<div class=\"wp-block-stackable-column stk-block-column stk-column stk-block stk-02b39d5 stk-block-background\" data-v=\"4\" data-block-id=\"02b39d5\"><style>.stk-02b39d5-container{margin-top:0px !important;margin-right:0px !important;margin-bottom:0px !important;margin-left:0px !important;}.stk-02b39d5-inner-blocks{row-gap:10px !important;}.stk-02b39d5 {background-color:var(--theme-palette-color-7, #faf7f5) !important;border-top-left-radius:8px !important;border-top-right-radius:8px !important;border-bottom-right-radius:8px !important;border-bottom-left-radius:8px !important;overflow:hidden !important;border-style:solid !important;border-color:var(--theme-palette-color-1, #006766) !important;border-top-width:4px !important;border-right-width:4px !important;border-bottom-width:4px !important;border-left-width:4px !important;padding-top:30px !important;padding-right:40px !important;padding-bottom:40px !important;padding-left:40px !important;}.stk-02b39d5:hover{background-color:var(--theme-palette-color-7, #faf7f5) !important;}.stk-02b39d5:before{background-color:var(--theme-palette-color-7, #faf7f5) !important;}.stk-02b39d5:hover:before{background-color:var(--theme-palette-color-7, #faf7f5) !important;}<\/style><div class=\"stk-column-wrapper stk-block-column__content stk-container stk-02b39d5-container stk--no-background stk--no-padding\"><div class=\"stk-block-content stk-inner-blocks stk-02b39d5-inner-blocks\">\n<div class=\"wp-block-stackable-heading stk-block-heading stk-block-heading--v2 stk-block stk-96f607a\" id=\"\u3053\u308c\u307e\u3067\u306e\u4e3b\u8981\u306a\u8abf\u67fb\u4e00\u89a7\" data-block-id=\"96f607a\"><style>.stk-96f607a {margin-bottom:16px !important;}.stk-96f607a .stk-block-heading__text{font-size:30px !important;color:var(--theme-palette-color-1, #006766) !important;}@media screen and (max-width:999px){.stk-96f607a .stk-block-heading__text{font-size:30px !important;}}<\/style><h5 class=\"stk-block-heading__text has-text-color has-palette-color-8-color has-text-align-center\">Principais pesquisas realizadas<\/h5><\/div>\n\n\n\n<p>Pesquisas principais realizadas em conjunto ou por encomenda.<\/p>\n\n\n\n<div class=\"wp-block-greenshift-blocks-container gspb_container gspb_container-gsbp-97c1994\" id=\"gspb_container-id-gsbp-97c1994\">\n<div class=\"wp-block-group is-layout-grid wp-container-core-group-is-layout-f51984f9 wp-block-group-is-layout-grid\" style=\"margin-bottom:0;padding-top:0;padding-bottom:0\">\n<p class=\"has-medium-font-size\"><strong><strong>1. A contribui\u00e7\u00e3o dos imigrantes japoneses e seus descendentes \u00e0 sociedade brasileira<\/strong><\/strong><\/p>\n\n\n\n<p class=\"has-text-align-right has-small-font-size wp-container-content-64aeeb98\" style=\"padding-top:0;padding-bottom:0\"><strong><strong>(encomendada pela JICA, 1983-4).<\/strong><\/strong><\/p>\n<\/div>\n<\/div>\n\n\n\n<div class=\"wp-block-greenshift-blocks-container gspb_container gspb_container-gsbp-9531cfb\" id=\"gspb_container-id-gsbp-9531cfb\">\n<div class=\"wp-block-group is-layout-grid wp-container-core-group-is-layout-f51984f9 wp-block-group-is-layout-grid\" style=\"margin-bottom:0;padding-top:0;padding-bottom:0\">\n<p class=\"has-medium-font-size wp-container-content-64aeeb98\"><strong><strong><strong><strong><strong>Estudos sobre o ensino de l\u00edngua alem\u00e3 entre os alem\u00e3es e seus descendentes no Brasil<\/strong><\/strong><\/strong><\/strong><\/strong><\/p>\n\n\n\n<p class=\"has-text-align-right has-small-font-size wp-container-content-64aeeb98\" style=\"padding-top:0;padding-bottom:0\"><strong><strong>(encomendada pela JICA, 1985).<\/strong><\/strong><\/p>\n<\/div>\n<\/div>\n\n\n\n<div class=\"wp-block-greenshift-blocks-container gspb_container gspb_container-gsbp-651d88d\" id=\"gspb_container-id-gsbp-651d88d\">\n<div class=\"wp-block-group is-layout-grid wp-container-core-group-is-layout-f51984f9 wp-block-group-is-layout-grid\" style=\"margin-bottom:0;padding-top:0;padding-bottom:0\">\n<p class=\"has-medium-font-size wp-container-content-64aeeb98\"><strong><strong><strong><strong><strong><strong>3. Pesquisa da popula\u00e7\u00e3o de descendentes de japoneses residentes no Brasil, 1987-8<\/strong><\/strong><\/strong><\/strong><\/strong><\/strong><\/p>\n\n\n\n<p class=\"has-text-align-right has-small-font-size wp-container-content-64aeeb98\" style=\"padding-top:0;padding-bottom:0\"><strong><strong><strong>(encomendada pela JICA, 1988-90).<\/strong><\/strong><\/strong><\/p>\n<\/div>\n\n\n\n<hr class=\"wp-block-separator has-text-color has-alpha-channel-opacity has-background is-style-wide\" style=\"background-color:#006664;color:#006664\"\/>\n\n\n\n<p class=\"has-small-font-size\">Trata-se de um censo estat\u00edstico por amostragem, realizado aproveitando-se o ensejo que se criou com as comemora\u00e7\u00f5es dos oitenta anos da imigra\u00e7\u00e3o japonesa no Brasil e contando-se, para tanto, com o apoio do IBGE e do estat\u00edstico japon\u00eas Hiroshi Mizuno. O principal m\u00e9rito do levantamento reside na constata\u00e7\u00e3o da exist\u00eancia de 1,28 milh\u00e3o de japoneses e descendentes vivendo no Brasil, bem como na obten\u00e7\u00e3o de informa\u00e7\u00f5es mais detalhadas a respeito das condi\u00e7\u00f5es s\u00f3cio-econ\u00f4micas em que vivem os mesmos.<\/p>\n<\/div>\n\n\n\n<div class=\"wp-block-greenshift-blocks-container gspb_container gspb_container-gsbp-cec4dfa\" id=\"gspb_container-id-gsbp-cec4dfa\">\n<div class=\"wp-block-group is-layout-grid wp-container-core-group-is-layout-f51984f9 wp-block-group-is-layout-grid\" style=\"margin-bottom:0;padding-top:0;padding-bottom:0\">\n<p class=\"has-medium-font-size wp-container-content-64aeeb98\"><strong><strong><strong><strong><strong><strong><strong>4. Uma epopeia moderna: 80 anos da imigra\u00e7\u00e3o japonesa no Brasil<\/strong><\/strong><\/strong><\/strong><\/strong><\/strong><\/strong><\/p>\n\n\n\n<p class=\"has-text-align-right has-small-font-size wp-container-content-64aeeb98\" style=\"padding-top:0;padding-bottom:0\"><strong><strong><strong>(Comiss\u00e3o de Elabora\u00e7\u00e3o da Hist\u00f3ria dos 80 Anos da Imigra\u00e7\u00e3o Japonesa no Brasil, 1991).<\/strong><\/strong><\/strong><\/p>\n<\/div>\n\n\n\n<hr class=\"wp-block-separator has-text-color has-alpha-channel-opacity has-background is-style-wide\" style=\"background-color:#006664;color:#006664\"\/>\n\n\n\n<p class=\"has-small-font-size\">A Hist\u00f3ria dos 80 anos da imigra\u00e7\u00e3o japonesa no Brasil foi pensada como parte integrante dos festejos realizados na mesma ocasi\u00e3o, mas a reda\u00e7\u00e3o do livro ficou a cargo do Centro de Estudos Nipo-Brasileiros, sendo o resultado uma obra de autoria conjunta cujos autores s\u00e3o, em sua maioria, membros da entidade.<\/p>\n<\/div>\n\n\n\n<div class=\"wp-block-greenshift-blocks-container gspb_container gspb_container-gsbp-750d54d\" id=\"gspb_container-id-gsbp-750d54d\">\n<div class=\"wp-block-group is-layout-grid wp-container-core-group-is-layout-f51984f9 wp-block-group-is-layout-grid\" style=\"margin-bottom:0;padding-top:0;padding-bottom:0\">\n<p class=\"has-medium-font-size wp-container-content-64aeeb98\"><strong><strong><strong><strong><strong><strong><strong>5\uff0e<strong>Pesquisa de comportamento e atitude de japoneses e seus descendentes residentes no Brasil<\/strong><\/strong><\/strong><\/strong><\/strong><\/strong><\/strong><\/strong><\/p>\n\n\n\n<p class=\"has-text-align-right has-small-font-size wp-container-content-64aeeb98\" style=\"padding-top:0;padding-bottom:0\"><strong><strong><strong>Comit\u00ea para Pesquisas Referentes ao Sentimento Nacional, 1992<\/strong><\/strong><\/strong><\/p>\n<\/div>\n\n\n\n<hr class=\"wp-block-separator has-text-color has-alpha-channel-opacity has-background is-style-wide\" style=\"background-color:#006664;color:#006664\"\/>\n\n\n\n<p class=\"has-small-font-size\">O presente trabalho \u00e9 fruto dos esfor\u00e7os do prof. Chikio Hayashi, que realiza pesquisas sobre o \u201csentimento nacional\u201d em rela\u00e7\u00e3o ao Jap\u00e3o a cada cinco anos, e que, depois de aplicar uma s\u00e9rie de question\u00e1rios aos descendentes de japoneses residentes no Hava\u00ed, resolveu repetir o procedimento com a popula\u00e7\u00e3o nipo-brasileira \u2014 recorrendo, para tanto, \u00e0 presente entidade.<\/p>\n<\/div>\n\n\n\n<div class=\"wp-block-greenshift-blocks-container gspb_container gspb_container-gsbp-a419307\" id=\"gspb_container-id-gsbp-a419307\">\n<div class=\"wp-block-group is-layout-grid wp-container-core-group-is-layout-f51984f9 wp-block-group-is-layout-grid\" style=\"margin-bottom:0;padding-top:0;padding-bottom:0\">\n<p class=\"has-medium-font-size wp-container-content-64aeeb98\"><strong><strong><strong><strong><strong><strong><strong>6\uff0e<strong><strong>O estado de coisas dos trabalhadores nipo-brasileiros no Jap\u00e3o e sua influ\u00eancia sobre a sociedade brasileira<\/strong><\/strong><\/strong><\/strong><\/strong><\/strong><\/strong><\/strong><\/strong><\/p>\n\n\n\n<p class=\"has-text-align-right has-small-font-size wp-container-content-64aeeb98\" style=\"padding-top:0;padding-bottom:0\"><strong><strong><strong>encomendada pelo Minist\u00e9rio das Rela\u00e7\u00f5es Exteriores do Jap\u00e3o, 1993<\/strong><\/strong><\/strong><\/p>\n<\/div>\n<\/div>\n\n\n\n<div class=\"wp-block-greenshift-blocks-container gspb_container gspb_container-gsbp-ab8bb05\" id=\"gspb_container-id-gsbp-ab8bb05\">\n<div class=\"wp-block-group is-layout-grid wp-container-core-group-is-layout-f51984f9 wp-block-group-is-layout-grid\" style=\"margin-bottom:0;padding-top:0;padding-bottom:0\">\n<p class=\"has-medium-font-size wp-container-content-64aeeb98\"><strong><strong><strong><strong><strong><strong><strong>7\uff0e<strong><strong><strong>O ensino da l\u00edngua entre os imigrantes japoneses e seus descendentes \u2014 caracter\u00edsticas e problemas<\/strong><\/strong><\/strong><\/strong><\/strong><\/strong><\/strong><\/strong><\/strong><\/strong><\/p>\n\n\n\n<p class=\"has-text-align-right has-small-font-size wp-container-content-64aeeb98\" style=\"padding-top:0;padding-bottom:0\"><strong><strong><strong>encomendada pelo Minist\u00e9rio das Rela\u00e7\u00f5es Exteriores do Jap\u00e3o, 1997<\/strong><\/strong><\/strong><\/p>\n<\/div>\n<\/div>\n\n\n\n<div class=\"wp-block-greenshift-blocks-container gspb_container gspb_container-gsbp-3f38ee9\" id=\"gspb_container-id-gsbp-3f38ee9\">\n<div class=\"wp-block-group is-layout-grid wp-container-core-group-is-layout-f51984f9 wp-block-group-is-layout-grid\" style=\"margin-bottom:0;padding-top:0;padding-bottom:0\">\n<p class=\"has-medium-font-size wp-container-content-64aeeb98\"><strong><strong><strong><strong><strong><strong><strong>8\uff0e<strong><strong><strong><strong>A nova face do preconceito no Brasil \u2014 o caso dos imigrantes asi\u00e1ticos<\/strong><\/strong><\/strong><\/strong><\/strong><\/strong><\/strong><\/strong><\/strong><\/strong><\/strong><\/p>\n\n\n\n<p class=\"has-text-align-right has-small-font-size wp-container-content-64aeeb98\" style=\"padding-top:0;padding-bottom:0\"><strong><strong><strong>pesquisa conjunta realizada por K\u014dichi Mori e Jeffrey Lesser, 1999-2000)<\/strong><\/strong><\/strong><\/p>\n<\/div>\n<\/div>\n<\/div><\/div><\/div>\n<\/div><\/div>\n\n\n\n<div id=\"02\" class=\"wp-block-group is-nowrap is-layout-flex wp-container-core-group-is-layout-5c4495dd wp-block-group-is-layout-flex\">\n<div class=\"wp-block-greenshift-blocks-iconbox gspb_iconBox gspb_iconBox-id-gsbp-9ee94c6\" id=\"gspb_iconBox-id-gsbp-9ee94c6\"><div class=\"gspb_iconBox__wrapper\" style=\"display:inline-flex\"><svg class=\"\" style=\"display:inline-block;vertical-align:middle\" width=\"72\" height=\"72\" viewbox=\"0 0 896 1024\" xmlns=\"https:\/\/www.w3.org\/2000\/svg\"><path style=\"fill:#565D66\" d=\"M832 416h-768c-35.34 0-64 28.66-64 64v64c0 35.34 28.66 64 64 64h768c35.34 0 64-28.66 64-64v-64c0-35.34-28.66-64-64-64z\"><\/path><\/svg><\/div><\/div>\n\n\n\n<h3 id=\"gspb_heading-id-gsbp-0a9979a\" class=\"gspb_heading gspb_heading-id-gsbp-0a9979a\"><strong>Realiza\u00e7\u00e3o de semin\u00e1rios<\/strong><\/h3>\n<\/div>\n\n\n\n<div id=\"gspb_text-id-gsbp-818583b\" class=\"gspb_text gspb_text-id-gsbp-818583b\">A presente entidade realizou, at\u00e9 a presente data,&nbsp;<strong>cerca de 180&nbsp;<\/strong>semin\u00e1rios de pesquisa e mesas-redondas, merecendo especial destaque o curso ministrado no audit\u00f3rio do antigo Banco Am\u00e9rica do Sul pela prof.\u00aa Arlinda Rocha Nogueira, do Instituto de Estudos Brasileiros da Universidade de S\u00e3o Paulo (IEB-USP), em outubro de 1982, intitulado&nbsp;<strong>\u201cImigra\u00e7\u00e3o japonesa no Brasil contempor\u00e2neo\u201d.&nbsp;<\/strong>O curso, que dava especial \u00eanfase \u00e0 segunda e terceira gera\u00e7\u00f5es de japoneses aqui radicados, teve ao todo oito sess\u00f5es, tendo sido posteriormente publicado em forma de livro pelo Centro de Estudos Nipo-Brasileiros.<\/div>\n\n\n\n<div style=\"height:90px\" aria-hidden=\"true\" class=\"wp-block-spacer\"><\/div>\n\n\n\n<div id=\"03\" class=\"wp-block-group is-nowrap is-layout-flex wp-container-core-group-is-layout-5c4495dd wp-block-group-is-layout-flex\">\n<div class=\"wp-block-greenshift-blocks-iconbox gspb_iconBox gspb_iconBox-id-gsbp-95f6f0e\" id=\"gspb_iconBox-id-gsbp-95f6f0e\"><div class=\"gspb_iconBox__wrapper\" style=\"display:inline-flex\"><svg class=\"\" style=\"display:inline-block;vertical-align:middle\" width=\"72\" height=\"72\" viewbox=\"0 0 896 1024\" xmlns=\"https:\/\/www.w3.org\/2000\/svg\"><path style=\"fill:#565D66\" d=\"M832 416h-768c-35.34 0-64 28.66-64 64v64c0 35.34 28.66 64 64 64h768c35.34 0 64-28.66 64-64v-64c0-35.34-28.66-64-64-64z\"><\/path><\/svg><\/div><\/div>\n\n\n\n<h3 id=\"gspb_heading-id-gsbp-d2188bd\" class=\"gspb_heading gspb_heading-id-gsbp-d2188bd\"><strong><strong>Realiza\u00e7\u00e3o de simp\u00f3sios<\/strong><\/strong><\/h3>\n<\/div>\n\n\n\n<div id=\"gspb_text-id-gsbp-2adfb89\" class=\"gspb_text gspb_text-id-gsbp-2adfb89\">Al\u00e9m dos semin\u00e1rios, tamb\u00e9m realizamos diversos simp\u00f3sios.<\/div>\n\n\n\n<div class=\"wp-block-stackable-columns stk-block-columns stk-block stk-e254461\" id=\"3-1\" data-block-id=\"e254461\"><style>.stk-e254461 {margin-bottom:90px !important;}.stk-e254461-column{--stk-column-gap:30px !important;row-gap:30px !important;}<\/style><div class=\"stk-row stk-inner-blocks stk-block-content stk-content-align stk-e254461-column\">\n<div class=\"wp-block-stackable-column stk-block-column stk-column stk-block stk-428f675 stk-block-background\" data-v=\"4\" data-block-id=\"428f675\"><style>.stk-428f675-container{margin-top:0px !important;margin-right:0px !important;margin-bottom:0px !important;margin-left:0px !important;}.stk-428f675-inner-blocks{row-gap:10px !important;}.stk-428f675 {background-color:var(--theme-palette-color-7, #faf7f5) !important;border-top-left-radius:8px !important;border-top-right-radius:8px !important;border-bottom-right-radius:8px !important;border-bottom-left-radius:8px !important;overflow:hidden !important;border-style:solid !important;border-color:var(--theme-palette-color-1, #006766) !important;border-top-width:4px !important;border-right-width:4px !important;border-bottom-width:4px !important;border-left-width:4px !important;padding-top:30px !important;padding-right:40px !important;padding-bottom:40px !important;padding-left:40px !important;}.stk-428f675:hover{background-color:var(--theme-palette-color-7, #faf7f5) !important;}.stk-428f675:before{background-color:var(--theme-palette-color-7, #faf7f5) !important;}.stk-428f675:hover:before{background-color:var(--theme-palette-color-7, #faf7f5) !important;}<\/style><div class=\"stk-column-wrapper stk-block-column__content stk-container stk-428f675-container stk--no-background stk--no-padding\"><div class=\"stk-block-content stk-inner-blocks stk-428f675-inner-blocks\">\n<div class=\"wp-block-stackable-heading stk-block-heading stk-block-heading--v2 stk-block stk-954bc7c\" id=\"\u4e3b\u8981\u306a\u958b\u50ac\u30b7\u30f3\u30dd\u30b8\u30a6\u30e0\u4e00\u89a7\" data-block-id=\"954bc7c\"><style>.stk-954bc7c {margin-bottom:16px !important;}.stk-954bc7c .stk-block-heading__text{font-size:30px !important;color:var(--theme-palette-color-1, #006766) !important;}@media screen and (max-width:999px){.stk-954bc7c .stk-block-heading__text{font-size:30px !important;}}<\/style><h5 class=\"stk-block-heading__text has-text-color has-palette-color-8-color has-text-align-center\">Principais simp\u00f3sios realizados<\/h5><\/div>\n\n\n\n<p>Pesquisas principais realizadas em conjunto ou por encomenda.<\/p>\n\n\n\n<div class=\"wp-block-greenshift-blocks-container gspb_container gspb_container-gsbp-7dbba58\" id=\"gspb_container-id-gsbp-7dbba58\">\n<div class=\"wp-block-group is-layout-grid wp-container-core-group-is-layout-f51984f9 wp-block-group-is-layout-grid\" style=\"margin-bottom:0;padding-top:0;padding-bottom:0\">\n<p class=\"has-medium-font-size wp-container-content-64aeeb98\"><strong><strong>1\uff0e<strong>O japon\u00eas em S\u00e3o Paulo e no Brasil<\/strong><\/strong><\/strong><\/p>\n\n\n\n<p class=\"has-text-align-right has-small-font-size wp-container-content-64aeeb98\" style=\"padding-top:0;padding-bottom:0\"><strong><strong>simp\u00f3sio realizado em parceria com a Universidade de S\u00e3o Paulo, 1968<\/strong><\/strong><\/p>\n<\/div>\n\n\n\n<hr class=\"wp-block-separator has-text-color has-alpha-channel-opacity has-background is-style-wide\" style=\"background-color:#006664;color:#006664\"\/>\n\n\n\n<p class=\"has-small-font-size\">O presente simp\u00f3sio teve por objetivo analisar, a partir de diversos pontos de vista, a quest\u00e3o do imigrante japon\u00eas e seus descendentes no Brasil, contando, para tanto, com a participa\u00e7\u00e3o de especialistas brasileiros e japoneses. As atas do simp\u00f3sio encontram-se publicadas em ambos os idiomas.<\/p>\n<\/div>\n\n\n\n<div class=\"wp-block-greenshift-blocks-container gspb_container gspb_container-gsbp-523b250\" id=\"gspb_container-id-gsbp-523b250\">\n<div class=\"wp-block-group is-layout-grid wp-container-core-group-is-layout-f51984f9 wp-block-group-is-layout-grid\" style=\"margin-bottom:0;padding-top:0;padding-bottom:0\">\n<p class=\"has-medium-font-size wp-container-content-64aeeb98\"><strong><strong>2\uff0e<strong><strong>Economia, sociedade e mundo empresarial no Brasil<\/strong><\/strong><\/strong><\/strong><\/p>\n\n\n\n<p class=\"has-text-align-right has-small-font-size wp-container-content-64aeeb98\" style=\"padding-top:0;padding-bottom:0\"><strong><strong>simp\u00f3sio realizado em parceria com a C\u00e2mara de Com\u00e9rcio Brasil-Jap\u00e3o, 1974<\/strong><\/strong><\/p>\n<\/div>\n\n\n\n<hr class=\"wp-block-separator has-text-color has-alpha-channel-opacity has-background is-style-wide\" style=\"background-color:#006664;color:#006664\"\/>\n\n\n\n<p class=\"has-small-font-size\">Discutiu-se, neste simp\u00f3sio, o avan\u00e7o crescente de empresas japonesas no territ\u00f3rio brasileiro, fen\u00f4meno assaz marcante \u00e0 \u00e9poca. As atas do simp\u00f3sio foram publicadas pelo Centro de Estudos somente em idioma japon\u00eas.<\/p>\n<\/div>\n\n\n\n<div class=\"wp-block-greenshift-blocks-container gspb_container gspb_container-gsbp-67168d7\" id=\"gspb_container-id-gsbp-67168d7\">\n<div class=\"wp-block-group is-layout-grid wp-container-core-group-is-layout-f51984f9 wp-block-group-is-layout-grid\" style=\"margin-bottom:0;padding-top:0;padding-bottom:0\">\n<p class=\"has-medium-font-size wp-container-content-64aeeb98\"><strong><strong>3\uff0e<strong><strong><strong><em>Simp\u00f3sio sobre os 70 anos da imigra\u00e7\u00e3o japonesa no Brasil<\/em><\/strong><\/strong><\/strong><\/strong><\/strong><\/p>\n\n\n\n<p class=\"has-text-align-right has-small-font-size wp-container-content-64aeeb98\" style=\"padding-top:0;padding-bottom:0\"><strong><strong>simp\u00f3sio realizado em parceria com o Minist\u00e9rio das Rela\u00e7\u00f5es Exteriores do Jap\u00e3o, 1978<\/strong><\/strong><\/p>\n<\/div>\n\n\n\n<hr class=\"wp-block-separator has-text-color has-alpha-channel-opacity has-background is-style-wide\" style=\"background-color:#006664;color:#006664\"\/>\n\n\n\n<p class=\"has-small-font-size\">O presente simp\u00f3sio foi organizado pelas mais destacadas autoridades no assunto, tendo sido convidados importantes especialistas do Canad\u00e1 e dos Estados Unidos a participarem das discuss\u00f5es. As atas do simp\u00f3sio foram publicadas somente em idioma portugu\u00eas.<\/p>\n<\/div>\n<\/div><\/div><\/div>\n<\/div><\/div>\n\n\n\n<div id=\"04\" class=\"wp-block-group is-nowrap is-layout-flex wp-container-core-group-is-layout-5c4495dd wp-block-group-is-layout-flex\">\n<div class=\"wp-block-greenshift-blocks-iconbox gspb_iconBox gspb_iconBox-id-gsbp-1cc3440\" id=\"gspb_iconBox-id-gsbp-1cc3440\"><div class=\"gspb_iconBox__wrapper\" style=\"display:inline-flex\"><svg class=\"\" style=\"display:inline-block;vertical-align:middle\" width=\"72\" height=\"72\" viewbox=\"0 0 896 1024\" xmlns=\"https:\/\/www.w3.org\/2000\/svg\"><path style=\"fill:#565D66\" d=\"M832 416h-768c-35.34 0-64 28.66-64 64v64c0 35.34 28.66 64 64 64h768c35.34 0 64-28.66 64-64v-64c0-35.34-28.66-64-64-64z\"><\/path><\/svg><\/div><\/div>\n\n\n\n<h3 id=\"gspb_heading-id-gsbp-a74ca95\" class=\"gspb_heading gspb_heading-id-gsbp-a74ca95\"><strong><strong>Realiza\u00e7\u00e3o de grupo de estudos<\/strong><\/strong><\/h3>\n<\/div>\n\n\n\n<div id=\"gspb_text-id-gsbp-8edfa03\" class=\"gspb_text gspb_text-id-gsbp-8edfa03\">Nesta modalidade de evento, que desde 2008 vem se revigorando, pesquisadores vinculados ou n\u00e3o \u00e0 entidade s\u00e3o convidados a compartilhar com o p\u00fablico os frutos de suas investiga\u00e7\u00f5es. At\u00e9 a presente data, j\u00e1 se apresentaram os seguintes pesquisadores:<br>*T\u00edtulos originais dos palestrantes<\/div>\n\n\n\n<figure class=\"wp-block-table is-style-stripes\"><table class=\"has-border-color has-palette-color-1-border-color\" style=\"border-width:2px\"><thead><tr><th class=\"has-text-align-center\" data-align=\"center\"><\/th><th class=\"has-text-align-center\" data-align=\"center\">Tema<\/th><th class=\"has-text-align-center\" data-align=\"center\">Palestrante<\/th><th class=\"has-text-align-center\" data-align=\"center\">Data de realiza\u00e7\u00e3o<\/th><\/tr><\/thead><tbody><tr><td class=\"has-text-align-center\" data-align=\"center\">1.<\/td><td class=\"has-text-align-center\" data-align=\"center\"><strong>O Pantanal em perigo<\/strong><\/td><td class=\"has-text-align-center\" data-align=\"center\">Prof. Hiroaki Maruyama<br>(Universidade Rikky\u014d)<\/td><td class=\"has-text-align-center\" data-align=\"center\">2008-05<\/td><\/tr><tr><td class=\"has-text-align-center\" data-align=\"center\">2.<\/td><td class=\"has-text-align-center\" data-align=\"center\"><strong>Tudo quanto ao longe se constr\u00f3i<\/strong><\/td><td class=\"has-text-align-center\" data-align=\"center\">Prof. Sh\u016bhei Hosokawa<br>(Centro Internacional de Estudos Japoneses)<\/td><td class=\"has-text-align-center\" data-align=\"center\">2008-09<\/td><\/tr><tr><td class=\"has-text-align-center\" data-align=\"center\">3.<\/td><td class=\"has-text-align-center\" data-align=\"center\"><strong>O Man\u2019y\u014dsh\u016b e eu<\/strong><\/td><td class=\"has-text-align-center\" data-align=\"center\">Prof.\u00aa Geny Wakisaka<br>(Professora aposentada da Universidade de S\u00e3o Paulo)<\/td><td class=\"has-text-align-center\" data-align=\"center\">2008-09<\/td><\/tr><tr><td class=\"has-text-align-center\" data-align=\"center\">4.<\/td><td class=\"has-text-align-center\" data-align=\"center\"><strong>Tend\u00eancias da agricultura de periferias<\/strong><\/td><td class=\"has-text-align-center\" data-align=\"center\">Noriko Tanaka<br>(Pesquisadora da JATAC)<\/td><td class=\"has-text-align-center\" data-align=\"center\">2009-02<\/td><\/tr><tr><td class=\"has-text-align-center\" data-align=\"center\">5.<\/td><td class=\"has-text-align-center\" data-align=\"center\"><strong>Fragmentos do mundo ind\u00edgena<\/strong><\/td><td class=\"has-text-align-center\" data-align=\"center\">Tamiko Hosokawa<br>(Editora-chefe da revista Bumba)<\/td><td class=\"has-text-align-center\" data-align=\"center\">2009-07<\/td><\/tr><tr><td class=\"has-text-align-center\" data-align=\"center\">6.<\/td><td class=\"has-text-align-center\" data-align=\"center\"><strong>Agricultura, alimento e sa\u00fade<\/strong><\/td><td class=\"has-text-align-center\" data-align=\"center\">Yoshio Tsuzuki<br>(Pioneiro da agricultura org\u00e2nica)<\/td><td class=\"has-text-align-center\" data-align=\"center\">2009-09<\/td><\/tr><tr><td class=\"has-text-align-center\" data-align=\"center\">7.<\/td><td class=\"has-text-align-center\" data-align=\"center\"><strong>O futuro dos nikkeis<\/strong><\/td><td class=\"has-text-align-center\" data-align=\"center\">Masayuki Fukazawa<br>(Editor-chefe do jornal Nikkey Shimbun)<\/td><td class=\"has-text-align-center\" data-align=\"center\">2010-02<\/td><\/tr><tr><td class=\"has-text-align-center\" data-align=\"center\">8.<\/td><td class=\"has-text-align-center\" data-align=\"center\"><strong>Setenta e cinco anos da comunidade<\/strong><strong>Fukuhaku-mura<\/strong><\/td><td class=\"has-text-align-center\" data-align=\"center\">Fumio Oura<br>(L\u00edder vital\u00edcio da comunidade Fukuhaku-mura)<\/td><td class=\"has-text-align-center\" data-align=\"center\">2010-05<\/td><\/tr><tr><td class=\"has-text-align-center\" data-align=\"center\">9.<\/td><td class=\"has-text-align-center\" data-align=\"center\"><strong>O Museu Hist\u00f3rico da Imigra\u00e7\u00e3o Japonesa no Brasil (MHIJB): atual estado de coisas e perspectivas para seu futuro<\/strong><\/td><td class=\"has-text-align-center\" data-align=\"center\">Takeshi Furihara<br>(Presidente da Comiss\u00e3o de Administra\u00e7\u00e3o do MHIJB)<\/td><td class=\"has-text-align-center\" data-align=\"center\">2010-07<\/td><\/tr><tr><td class=\"has-text-align-center\" data-align=\"center\">10.<\/td><td class=\"has-text-align-center\" data-align=\"center\"><strong>A \u00abcol\u00f4nia nipo-brasileira\u00bb em transforma\u00e7\u00e3o<\/strong><\/td><td class=\"has-text-align-center\" data-align=\"center\">Chiyoko Mita<br>(Universidade Sofia)<\/td><td class=\"has-text-align-center\" data-align=\"center\">2010-09<\/td><\/tr><tr><td class=\"has-text-align-center\" data-align=\"center\">11.<\/td><td class=\"has-text-align-center\" data-align=\"center\"><strong>Hist\u00f3ria da literatura nipo-brasileira<\/strong><\/td><td class=\"has-text-align-center\" data-align=\"center\">Prof. Sh\u016bhei Hosokawa<br>(Centro Internacional de Estudos Japoneses)<\/td><td class=\"has-text-align-center\" data-align=\"center\">2011-02<\/td><\/tr><tr><td class=\"has-text-align-center\" data-align=\"center\">12.<\/td><td class=\"has-text-align-center\" data-align=\"center\"><strong>A comunidade japonesa vista por um jornalista nipo-brasileiro<\/strong><\/td><td class=\"has-text-align-center\" data-align=\"center\">Jorge Okubaro<br>(Editorialista do jornal O Estado de S.Paulo)<\/td><td class=\"has-text-align-center\" data-align=\"center\">2011-06<\/td><\/tr><tr><td class=\"has-text-align-center\" data-align=\"center\">13.<\/td><td class=\"has-text-align-center\" data-align=\"center\"><strong>As mudan\u00e7as de significado do termo \u00abnikkei\u00bb e a identidade \u00abnikkei\u00bb<\/strong><\/td><td class=\"has-text-align-center\" data-align=\"center\">Shigeru Kojima<br>Waseda University<br>(Instituto for Migration and Ethnic Cultural Studies)<\/td><td class=\"has-text-align-center\" data-align=\"center\">2012-08<\/td><\/tr><tr><td class=\"has-text-align-center\" data-align=\"center\">14.<\/td><td class=\"has-text-align-center\" data-align=\"center\"><strong>Os japoneses de Mau\u00e9s (AM) e<\/strong><br><strong>\u00e1reas circunvizinhas<\/strong><\/td><td class=\"has-text-align-center\" data-align=\"center\">Prof. Hiroaki Maruyama<br>(Universidade Rikky\u014d)<\/td><td class=\"has-text-align-center\" data-align=\"center\">2012-11<\/td><\/tr><tr><td class=\"has-text-align-center\" data-align=\"center\">15.<\/td><td class=\"has-text-align-center\" data-align=\"center\"><strong>A hist\u00f3ria da literatura de imigrantes japoneses no Brasil<\/strong><\/td><td class=\"has-text-align-center\" data-align=\"center\">Prof. Sh\u016bhei Hosokawa<br>(Centro Internacional de Estudos Japoneses)<\/td><td class=\"has-text-align-center\" data-align=\"center\">2013-04<\/td><\/tr><tr><td class=\"has-text-align-center\" data-align=\"center\">16.<\/td><td class=\"has-text-align-center\" data-align=\"center\"><strong>Revivendo as vozes do passado:<\/strong><br><strong>Projeto<\/strong><br><strong>HIst\u00f3ria oral dos imigrantes japoneses<\/strong><\/td><td class=\"has-text-align-center\" data-align=\"center\">Prof. Toyotomi Morimoto<br>(Universidade Waseda)<br>Prof. Asst. Yoshiyuki Asahi<br>(National Institute for Japanese Language and Linguistics)<\/td><td class=\"has-text-align-center\" data-align=\"center\">2013-08<\/td><\/tr><tr><td class=\"has-text-align-center\" data-align=\"center\">17.<\/td><td class=\"has-text-align-center\" data-align=\"center\"><strong>Gest\u00e3o da sa\u00fade de fam\u00edlias nipo-brasileiras residentes no Jap\u00e3o<\/strong><br><strong>situa\u00e7\u00e3o atual das doen\u00e7as infecciosas<\/strong><\/td><td class=\"has-text-align-center\" data-align=\"center\">Sachio Miura<br>(Cruz Vermelha no Jap\u00e3o -<br>Pesquisador Executivo)<\/td><td class=\"has-text-align-center\" data-align=\"center\">2013-11<\/td><\/tr><tr><td class=\"has-text-align-center\" data-align=\"center\">18.<\/td><td class=\"has-text-align-center\" data-align=\"center\"><strong>Jornal Showa Shimbun e Saburo Kawabata<\/strong><br><strong>o \u00abc\u00e9rebro\u00bb da fac\u00e7\u00e3o derrotista<\/strong><\/td><td class=\"has-text-align-center\" data-align=\"center\">Prof. Takashi Maeyama\u00a0<br>(Antolop\u00f3logo, ex-pesquisador residente do Centro de Estudos Nipo-Brasileiros, professor aposentado da Universidade de Shizuoka)<\/td><td class=\"has-text-align-center\" data-align=\"center\">2014-02<\/td><\/tr><tr><td class=\"has-text-align-center\" data-align=\"center\">19.<\/td><td class=\"has-text-align-center\" data-align=\"center\"><strong>A produ\u00e7\u00e3o liter\u00e1ria dos japoneses na Argentina<\/strong><br><strong>com \u00eanfase sobre o romance Um conto da floresta dos guaranis, de Akira Masuyama<\/strong><\/td><td class=\"has-text-align-center\" data-align=\"center\">Prof. Sh\u016bhei Hosokawa<br>(Centro Internacional de<br>Estudos Japoneses)<\/td><td class=\"has-text-align-center\" data-align=\"center\">2014-07<\/td><\/tr><tr><td class=\"has-text-align-center\" data-align=\"center\">20.<\/td><td class=\"has-text-align-center\" data-align=\"center\"><strong>Tanka como uma janela da alma<\/strong><br><strong><strong>\uff0d<\/strong>a express\u00e3o do \u00abeu\u00bb entre os imigrantes<\/strong><\/td><td class=\"has-text-align-center\" data-align=\"center\">Prof. Hideaki Matsuoka<br>(Universidade Osaka)<\/td><td class=\"has-text-align-center\" data-align=\"center\">2015-03<\/td><\/tr><tr><td class=\"has-text-align-center\" data-align=\"center\">21.<\/td><td class=\"has-text-align-center\" data-align=\"center\"><strong>As mulheres brasileiras imigrantes e ensino de l\u00edngua de heran\u00e7a<\/strong><\/td><td class=\"has-text-align-center\" data-align=\"center\">Sumiko Haino<br>(Universidade Kanagawa)<\/td><td class=\"has-text-align-center\" data-align=\"center\">2016-11<\/td><\/tr><tr><td class=\"has-text-align-center\" data-align=\"center\"><\/td><td class=\"has-text-align-center\" data-align=\"center\"><strong>A situa\u00e7\u00e3o de educa\u00e7\u00e3o das crian\u00e7as brasileiras no Jap\u00e3o<\/strong><\/td><td class=\"has-text-align-center\" data-align=\"center\">Prof. Hirohisa Takenoshita<br>(Universidade Sofia)<\/td><td class=\"has-text-align-center\" data-align=\"center\"><\/td><\/tr><tr><td class=\"has-text-align-center\" data-align=\"center\">22.<\/td><td class=\"has-text-align-center\" data-align=\"center\"><strong>A experi\u00eancia do romancista Yukio Mishima no Brasil<\/strong><\/td><td class=\"has-text-align-center\" data-align=\"center\">Prof. Kinya Sugiyama<br>(Universidade Kanazawa)<\/td><td class=\"has-text-align-center\" data-align=\"center\">2017-02<\/td><\/tr><tr><td class=\"has-text-align-center\" data-align=\"center\">23.<\/td><td class=\"has-text-align-center\" data-align=\"center\"><strong>Formando crian\u00e7as bil\u00edngues<\/strong><\/td><td class=\"has-text-align-center\" data-align=\"center\">Prof. Asst. Makiko Matsuda<br>(Universidade Kanazawa)<\/td><td class=\"has-text-align-center\" data-align=\"center\">2017-10<\/td><\/tr><tr><td class=\"has-text-align-center\" data-align=\"center\">24.<\/td><td class=\"has-text-align-center\" data-align=\"center\"><strong>A comunica\u00e7\u00e3o dos nikkeis<\/strong><br><strong>pela \u00f3tica da teoria pol\u00edtica da linguagem<\/strong><\/td><td class=\"has-text-align-center\" data-align=\"center\">Seiji Fukushima<br>(Funda\u00e7\u00e3o Jap\u00e3o em S\u00e3o Paulo<br>Centro cultural S\u00e3o Paulo<br>Prof. Esp. em l\u00edngua japonesa)<\/td><td class=\"has-text-align-center\" data-align=\"center\">2018-03<\/td><\/tr><tr><td class=\"has-text-align-center\" data-align=\"center\">25.<\/td><td class=\"has-text-align-center\" data-align=\"center\"><strong>An\u00e1lise comparativa das taxas de matr\u00edcula<\/strong><br><strong>no ensino m\u00e9dio de crian\u00e7as que vivem com pais estrangeiros no Jap\u00e3o<\/strong><br><strong><strong><strong>\uff0d<\/strong><\/strong>Utilizando dados do Censo de 2010:<\/strong><br><strong>por nacionalidade e prefeitura<strong><strong>\uff0d<\/strong><\/strong><\/strong><\/td><td class=\"has-text-align-center\" data-align=\"center\">Prof. Asst. Itaru Kaiji<br>(Universidade Keikei)<\/td><td class=\"has-text-align-center\" data-align=\"center\">2018-03<\/td><\/tr><\/tbody><\/table><\/figure>\n\n\n\n<div style=\"height:60px\" aria-hidden=\"true\" class=\"wp-block-spacer\"><\/div>\n\n\n\n<div id=\"05\" class=\"wp-block-group is-nowrap is-layout-flex wp-container-core-group-is-layout-5c4495dd wp-block-group-is-layout-flex\">\n<div class=\"wp-block-greenshift-blocks-iconbox gspb_iconBox gspb_iconBox-id-gsbp-dd33902\" id=\"gspb_iconBox-id-gsbp-dd33902\"><div class=\"gspb_iconBox__wrapper\" style=\"display:inline-flex\"><svg class=\"\" style=\"display:inline-block;vertical-align:middle\" width=\"72\" height=\"72\" viewbox=\"0 0 896 1024\" xmlns=\"https:\/\/www.w3.org\/2000\/svg\"><path style=\"fill:#565D66\" d=\"M832 416h-768c-35.34 0-64 28.66-64 64v64c0 35.34 28.66 64 64 64h768c35.34 0 64-28.66 64-64v-64c0-35.34-28.66-64-64-64z\"><\/path><\/svg><\/div><\/div>\n\n\n\n<h3 id=\"gspb_heading-id-gsbp-7578d8a\" class=\"gspb_heading gspb_heading-id-gsbp-7578d8a\"><strong><strong><strong>Hist\u00f3rias Antigas da Col\u00f4nia<\/strong><\/strong><\/strong><\/h3>\n<\/div>\n\n\n\n<div id=\"gspb_text-id-gsbp-6dc5063\" class=\"gspb_text gspb_text-id-gsbp-6dc5063\">O presente projeto, em execu\u00e7\u00e3o desde o ano de 2009, tem por objetivo produzir registros de aspectos pouco abordados da vida quotidiana dos imigrantes japoneses a fim de leg\u00e1-los para a posteridade. Os seguintes conferencistas j\u00e1 se apresentaram at\u00e9 o atual momento<\/div>\n\n\n\n<figure class=\"wp-block-table is-style-stripes\"><table class=\"has-border-color has-palette-color-1-border-color\" style=\"border-width:2px\"><thead><tr><th class=\"has-text-align-center\" data-align=\"center\"><\/th><th class=\"has-text-align-center\" data-align=\"center\">Tema<\/th><th class=\"has-text-align-center\" data-align=\"center\">Palestrante<\/th><th class=\"has-text-align-center\" data-align=\"center\">Data de realiza\u00e7\u00e3o<\/th><\/tr><\/thead><tbody><tr><td class=\"has-text-align-center\" data-align=\"center\">1.<\/td><td class=\"has-text-align-center\" data-align=\"center\"><strong><strong>Mem\u00f3rias de r\u00e1dio em japon\u00eas<\/strong><\/strong><\/td><td class=\"has-text-align-center\" data-align=\"center\">Noriyuki Ishizaki<br>(Ex-locutor de r\u00e1dio)<\/td><td class=\"has-text-align-center\" data-align=\"center\">2009-06<\/td><\/tr><tr><td class=\"has-text-align-center\" data-align=\"center\">2.<\/td><td class=\"has-text-align-center\" data-align=\"center\"><strong><strong>Eu e a m\u00e1gica<\/strong><\/strong><\/td><td class=\"has-text-align-center\" data-align=\"center\">Toketomi Tsuno<br>(M\u00e9dico e ex-presidente da Alian\u00e7a Cultural Brasil-Jap\u00e3o)<\/td><td class=\"has-text-align-center\" data-align=\"center\">2009-08<\/td><\/tr><tr><td class=\"has-text-align-center\" data-align=\"center\">3.<\/td><td class=\"has-text-align-center\" data-align=\"center\"><strong><strong>A presen\u00e7a de<\/strong><\/strong><br><strong><strong>Nanju Suzuki, Kikuo Furuno e Yoshio Takemoto na literatura da col\u00f4nia<\/strong><\/strong><\/td><td class=\"has-text-align-center\" data-align=\"center\">Sussumu Arata (Cr\u00edtico liter\u00e1rio)<\/td><td class=\"has-text-align-center\" data-align=\"center\">2009-10<\/td><\/tr><tr><td class=\"has-text-align-center\" data-align=\"center\">4.<\/td><td class=\"has-text-align-center\" data-align=\"center\"><strong><strong>Retratos da col\u00f4nia<\/strong><\/strong><\/td><td class=\"has-text-align-center\" data-align=\"center\">Koji Matsumoto<br>(Ex-sub chefe de reda\u00e7\u00e3o do jornal S\u00e3o Paulo Shimbun)<\/td><td class=\"has-text-align-center\" data-align=\"center\">2010-04<\/td><\/tr><tr><td class=\"has-text-align-center\" data-align=\"center\">5.<\/td><td class=\"has-text-align-center\" data-align=\"center\"><strong><strong>As sementes plantadas pelo Rikkokai<\/strong><\/strong><\/td><td class=\"has-text-align-center\" data-align=\"center\">Hisashi Nagata<br>(Editora da Revista Noson)<\/td><td class=\"has-text-align-center\" data-align=\"center\">2010-08<\/td><\/tr><tr><td class=\"has-text-align-center\" data-align=\"center\">6.<\/td><td class=\"has-text-align-center\" data-align=\"center\"><strong><strong>Os navios de imigrantes como espa\u00e7o de viv\u00eancia<\/strong><\/strong><\/td><td class=\"has-text-align-center\" data-align=\"center\">Sachio Negawa<br>(Professor assistente da Universidade de Bras\u00edlia)<\/td><td class=\"has-text-align-center\" data-align=\"center\">2013-01<\/td><\/tr><tr><td class=\"has-text-align-center\" data-align=\"center\">7.<\/td><td class=\"has-text-align-center\" data-align=\"center\"><strong><strong>Os pioneiros nikkei da m\u00fasica popular brasileira<\/strong><\/strong><\/td><td class=\"has-text-align-center\" data-align=\"center\">Hidenori Sakao (Cr\u00edtico musical)<\/td><td class=\"has-text-align-center\" data-align=\"center\">2013-05<\/td><\/tr><tr><td class=\"has-text-align-center\" data-align=\"center\">8.<\/td><td class=\"has-text-align-center\" data-align=\"center\"><strong><strong>Restaura\u00e7\u00e3o e conserva\u00e7\u00e3o do Casar\u00e3o de Ch\u00e1<\/strong><\/strong><\/td><td class=\"has-text-align-center\" data-align=\"center\">Akinori Nakatani (Ceramista)<\/td><td class=\"has-text-align-center\" data-align=\"center\">2013-05<\/td><\/tr><tr><td class=\"has-text-align-center\" data-align=\"center\">9.<\/td><td class=\"has-text-align-center\" data-align=\"center\"><strong><strong>Hist\u00f3ria da coopera\u00e7\u00e3o t\u00e9cnica entre Brasil e Jap\u00e3o na agricultura:<\/strong><\/strong><br><strong><strong><strong>\uff0d<\/strong>com \u00eanfase sobre o cultivo da soja<strong><strong><strong>\uff0d<\/strong><\/strong><\/strong><\/strong><\/strong><\/td><td class=\"has-text-align-center\" data-align=\"center\">Isidoro Namayaka<br>(Engenheiro agr\u00f4nomo)<\/td><td class=\"has-text-align-center\" data-align=\"center\">2013-12<\/td><\/tr><tr><td class=\"has-text-align-center\" data-align=\"center\">10.<\/td><td class=\"has-text-align-center\" data-align=\"center\"><strong><strong>O bal\u00e9 Yuba e eu:<\/strong><\/strong><br><strong><strong><strong><strong><strong>\uff0d<\/strong><\/strong><\/strong>cinquenta anos de Brasil<strong><strong><strong>\uff0d<\/strong><\/strong><\/strong><\/strong><\/strong><\/td><td class=\"has-text-align-center\" data-align=\"center\">Akiko Ohara<br>(Bailarina)<\/td><td class=\"has-text-align-center\" data-align=\"center\">2014-08<\/td><\/tr><tr><td class=\"has-text-align-center\" data-align=\"center\">11.<\/td><td class=\"has-text-align-center\" data-align=\"center\"><strong><strong>Tend\u00eancias da culin\u00e1ria japonesa no Brasil<\/strong><\/strong><\/td><td class=\"has-text-align-center\" data-align=\"center\">Jo Takahashi<br>(Diretor-executivo da D\u00f4 Cultural)<\/td><td class=\"has-text-align-center\" data-align=\"center\">2014-11<\/td><\/tr><tr><td class=\"has-text-align-center\" data-align=\"center\">12.<\/td><td class=\"has-text-align-center\" data-align=\"center\"><strong><strong>Samba? Carnaval?<\/strong><\/strong><br><strong><strong>Escola de samba?<\/strong><\/strong><\/td><td class=\"has-text-align-center\" data-align=\"center\">Tamiko Hosokawa (Diretora do CENB)<\/td><td class=\"has-text-align-center\" data-align=\"center\">2015-01<\/td><\/tr><tr><td class=\"has-text-align-center\" data-align=\"center\">13.<\/td><td class=\"has-text-align-center\" data-align=\"center\"><strong><strong>A moda Lolita e<\/strong><\/strong><br><strong><strong>a dissemina\u00e7\u00e3o da cultura kawaii<\/strong><\/strong><\/td><td class=\"has-text-align-center\" data-align=\"center\">Akemi Matsuda<br>(Embaixadora Kawaii do Brasil)<\/td><td class=\"has-text-align-center\" data-align=\"center\">2015-04<\/td><\/tr><tr><td class=\"has-text-align-center\" data-align=\"center\">14.<\/td><td class=\"has-text-align-center\" data-align=\"center\"><strong>O caminho para a velhice<\/strong><\/td><td class=\"has-text-align-center\" data-align=\"center\">Reimei Yoshioka  (Ex-presidente da Benefic\u00eancia Nipo-Brasileira de S\u00e3o Paulo)<\/td><td class=\"has-text-align-center\" data-align=\"center\">2015-08<\/td><\/tr><tr><td class=\"has-text-align-center\" data-align=\"center\">15.<\/td><td class=\"has-text-align-center\" data-align=\"center\"><strong><strong>O papel desempenhado pela Cotia-seinen<\/strong><\/strong><br><strong><strong>na agricultura brasileira nipo-brasileira<\/strong><\/strong><\/td><td class=\"has-text-align-center\" data-align=\"center\">Kei Kuroki (Cotia-seinen)<\/td><td class=\"has-text-align-center\" data-align=\"center\">2015-09<\/td><\/tr><tr><td class=\"has-text-align-center\" data-align=\"center\">16.<\/td><td class=\"has-text-align-center\" data-align=\"center\"><strong>Particularidades Lingu\u00edsticas do Japon\u00eas: Desafios e Estrat\u00e9gias na Pr\u00e1tica Tradut\u00f3ria<\/strong><\/td><td class=\"has-text-align-center\" data-align=\"center\">Reiko Gotouda (Tradudora)<\/td><td class=\"has-text-align-center\" data-align=\"center\">2015-10<\/td><\/tr><tr><td class=\"has-text-align-center\" data-align=\"center\">17.<\/td><td class=\"has-text-align-center\" data-align=\"center\"><strong>A situa\u00e7\u00e3o atual e as perspectivas futuras do Museu da Imigra\u00e7\u00e3o Japonesa no Brasil<\/strong><\/td><td class=\"has-text-align-center\" data-align=\"center\">Lidia Yamashita<br>(Vice-presidente da Comiss\u00e3o)<\/td><td class=\"has-text-align-center\" data-align=\"center\">2015-12<\/td><\/tr><tr><td class=\"has-text-align-center\" data-align=\"center\">18.<\/td><td class=\"has-text-align-center\" data-align=\"center\"><strong>O quimono e o Brasil<\/strong>\uff08<strong>Co-Realiza\u00e7\u00e3o com  Museu da Imigra\u00e7\u00e3o Japonesa no Brasil<\/strong>\uff09<\/td><td class=\"has-text-align-center\" data-align=\"center\">Toshiko Yoshizumi<br>(Volunt\u00e1ria s\u00eanior da JICA)<\/td><td class=\"has-text-align-center\" data-align=\"center\">2016-04<\/td><\/tr><tr><td class=\"has-text-align-center\" data-align=\"center\">19.<\/td><td class=\"has-text-align-center\" data-align=\"center\"><strong>A exposi\u00e7\u00e3o \u00abRy\u00f4 Mizuno\u00bb e eu<\/strong><br><strong>\uff0d\u305d\u306e\u4e0a\u3092\u6d41\u308c\u305f\u6642\u9593\u3068\u4eba\u3005\uff0d<\/strong><br><strong>\uff08\u53f2\u6599\u9928\u5171\u50ac\uff09<\/strong><\/td><td class=\"has-text-align-center\" data-align=\"center\">Fumio Oura<br>(Vila Fukuhaku)<\/td><td class=\"has-text-align-center\" data-align=\"center\">2017-01<\/td><\/tr><tr><td class=\"has-text-align-center\" data-align=\"center\"><\/td><td class=\"has-text-align-center\" data-align=\"center\"><strong>Os encantos do Caf\u00e9 Paulista<\/strong><\/td><td class=\"has-text-align-center\" data-align=\"center\">Akane Wakabayashi (cinegrafista)<\/td><td class=\"has-text-align-center\" data-align=\"center\"><\/td><\/tr><tr><td class=\"has-text-align-center\" data-align=\"center\">20.<\/td><td class=\"has-text-align-center\" data-align=\"center\"><strong>Os homens que emanavam luzes<\/strong><br><strong><strong>\uff0d<\/strong>\u30d6\u30e9\u30b8\u30eb\u5de5\u696d\u79fb\u4f4f\u8005\u306e\u8db3\u8de1<strong>\uff0d<\/strong><\/strong><\/td><td class=\"has-text-align-center\" data-align=\"center\">Akio Koyama<br>(Ex-presidente da<br>Associa\u00e7\u00e3o de Imigra\u00e7\u00e3o Industrial)<\/td><td class=\"has-text-align-center\" data-align=\"center\">2018-01<\/td><\/tr><\/tbody><\/table><\/figure>\n\n\n\n<div style=\"height:60px\" aria-hidden=\"true\" class=\"wp-block-spacer\"><\/div>\n\n\n\n<div id=\"06\" class=\"wp-block-group is-nowrap is-layout-flex wp-container-core-group-is-layout-5c4495dd wp-block-group-is-layout-flex\">\n<div class=\"wp-block-greenshift-blocks-iconbox gspb_iconBox gspb_iconBox-id-gsbp-363e885\" id=\"gspb_iconBox-id-gsbp-363e885\"><div class=\"gspb_iconBox__wrapper\" style=\"display:inline-flex\"><svg class=\"\" style=\"display:inline-block;vertical-align:middle\" width=\"72\" height=\"72\" viewbox=\"0 0 896 1024\" xmlns=\"https:\/\/www.w3.org\/2000\/svg\"><path style=\"fill:#565D66\" d=\"M832 416h-768c-35.34 0-64 28.66-64 64v64c0 35.34 28.66 64 64 64h768c35.34 0 64-28.66 64-64v-64c0-35.34-28.66-64-64-64z\"><\/path><\/svg><\/div><\/div>\n\n\n\n<h3 id=\"gspb_heading-id-gsbp-cd2cf54\" class=\"gspb_heading gspb_heading-id-gsbp-cd2cf54\"><strong><strong><strong><strong>Coleta, preserva\u00e7\u00e3o e cataloga\u00e7\u00e3o de materiais escritos<\/strong><\/strong><\/strong><\/strong><\/h3>\n<\/div>\n\n\n\n<h4 id=\"gspb_heading-id-gsbp-2532325\" class=\"gspb_heading gspb_heading-id-gsbp-2532325\">1.<strong><strong><strong><strong><strong>Materiais bibliogr\u00e1ficos<\/strong><\/strong><\/strong><\/strong><\/strong><\/h4>\n\n\n\n<div id=\"gspb_text-id-gsbp-e1fa58a\" class=\"gspb_text gspb_text-id-gsbp-e1fa58a\">A coleta, organiza\u00e7\u00e3o e preserva\u00e7\u00e3o sistem\u00e1ticas de materiais escritos referentes \u00e0 hist\u00f3ria da imigra\u00e7\u00e3o japonesa no Brasil vem sendo feita continuamente desde a funda\u00e7\u00e3o desta entidade.<br>Hiroshi Sait\u014d e Tomoo Handa (ambos j\u00e1 falecidos) lan\u00e7aram-se com afinco, na condi\u00e7\u00e3o de especialistas, \u00e0 funda\u00e7\u00e3o do Museu Hist\u00f3rico da Imigra\u00e7\u00e3o Japonesa no Brasil, alcan\u00e7ada em 1978, e do qual Hiroshi Sait\u014d foi o primeiro presidente, tendo contribu\u00eddo enormemente para a cria\u00e7\u00e3o de um arquivo documental e de um sistema de classifica\u00e7\u00e3o dos materiais recolhidos.<br>A organiza\u00e7\u00e3o do atual acervo bibliogr\u00e1fico do Centro de Estudos Nipo-Brasileiros deve-se, sobretudo, aos esfor\u00e7os da bibliotec\u00e1ria Etsuko Yokoo (\u201cvolunt\u00e1ria jovem\u201d da JICA), que tamb\u00e9m foi respons\u00e1vel pela elabora\u00e7\u00e3o do banco de dados atualmente dispon\u00edvel ao p\u00fablico para consultas no website da entidade.<\/div>\n\n\n\n<div class=\"wp-block-stackable-columns stk-block-columns stk-block stk-4354277\" id=\"6-1\" data-block-id=\"4354277\"><style>.stk-4354277 {margin-bottom:40px !important;}.stk-4354277-column{--stk-column-gap:30px !important;row-gap:30px !important;}<\/style><div class=\"stk-row stk-inner-blocks stk-block-content stk-content-align stk-4354277-column\">\n<div class=\"wp-block-stackable-column stk-block-column stk-column stk-block stk-030b688 stk-block-background\" data-v=\"4\" data-block-id=\"030b688\"><style>.stk-030b688-container{margin-top:0px !important;margin-right:0px !important;margin-bottom:0px !important;margin-left:0px !important;}.stk-030b688-inner-blocks{row-gap:10px !important;}.stk-030b688 {background-color:var(--theme-palette-color-7, #faf7f5) !important;border-top-left-radius:8px !important;border-top-right-radius:8px !important;border-bottom-right-radius:8px !important;border-bottom-left-radius:8px !important;overflow:hidden !important;border-style:solid !important;border-color:var(--theme-palette-color-1, #006766) !important;border-top-width:4px !important;border-right-width:4px !important;border-bottom-width:4px !important;border-left-width:4px !important;padding-top:30px !important;padding-right:40px !important;padding-bottom:40px !important;padding-left:40px !important;}.stk-030b688:hover{background-color:var(--theme-palette-color-7, #faf7f5) !important;}.stk-030b688:before{background-color:var(--theme-palette-color-7, #faf7f5) !important;}.stk-030b688:hover:before{background-color:var(--theme-palette-color-7, #faf7f5) !important;}<\/style><div class=\"stk-column-wrapper stk-block-column__content stk-container stk-030b688-container stk--no-background stk--no-padding\"><div class=\"stk-block-content stk-inner-blocks stk-030b688-inner-blocks\">\n<div class=\"wp-block-stackable-heading stk-block-heading stk-block-heading--v2 stk-block stk-9d6aabf\" id=\"strong-\u30c7\u30fc\u30bf\u30d9\u30fc\u30b9\u5316\u3055\u308c\u305f\u53f2\u30fb\u8cc7\u6599\u306e\u5185\u8a33-strong\" data-block-id=\"9d6aabf\"><style>.stk-9d6aabf {margin-bottom:16px !important;}.stk-9d6aabf .stk-block-heading__text{font-size:30px !important;color:var(--theme-palette-color-1, #006766) !important;}@media screen and (max-width:999px){.stk-9d6aabf .stk-block-heading__text{font-size:30px !important;}}<\/style><h5 class=\"stk-block-heading__text has-text-color has-palette-color-8-color has-text-align-center\"><strong>Banco de dados - documentos e livros<\/strong><\/h5><\/div>\n\n\n\n<p>Documentos relacionados coma imigra\u00e7\u00e3o de l\u00edngua japonesa . . . . . . . . . . . . .  3.503 volumes<br>Livros em japon\u00eas . . . . . . . . . . . . . 746 volumes            (TOTAL 4.249 volumes)<br>Livros relacionados com a imigra\u00e7\u00e3o em idiomas diferentes do japon\u00eas... 666 volumes<br>Livros em idiomas diferentes do japon\u00eas . . . . . . . 777 volumes   (TOTAL 1.443 volumes)<br>Peri\u00f3dicos em japon\u00eas (com artigos relacionados \u00e0 imigra\u00e7\u00e3o) . . . . . . .  1.369 volumes<br>Peri\u00f3dicos em idiomas diferentes do japon\u00eas . . . . . 300 volumes   (TOTAL 1.700 volumes)<br>Livros em idiomas diferentes n\u00e3o classificados . . . .. 3.000 volumes<\/p>\n<\/div><\/div><\/div>\n<\/div><\/div>\n\n\n\n<h4 id=\"gspb_heading-id-gsbp-266d8a1\" class=\"gspb_heading gspb_heading-id-gsbp-266d8a1\">2.\u3000<strong><strong><strong><strong><strong>Documentos (arquivos pessoais e impressos)<\/strong><\/strong><\/strong><\/strong><\/strong><\/h4>\n\n\n\n<div id=\"gspb_text-id-gsbp-ce6b028\" class=\"gspb_text gspb_text-id-gsbp-ce6b028\">Al\u00e9m de documentos relacionados \u00e0 hist\u00f3ria do ensino de l\u00edgua japonesa no Brasil, o acervo possui documentos pessoais, tais como: Arata Susumu, Katsuo Uchiyama, Isomitsu Okimoto, Konosuke Ozaki, Kiyoshi Kawazoe, Masuji Kiyotani, Takeo Goto, HIroshi Saito, Teijiro Suzuki, Kumaki Nakao, Tetsuo Nakasumi, Hisaichi Nireki, Tomoo Handa, Hidekazu Masuda, entre outros.<br>Desde mar\u00e7o de 2014, o arquivista Y\u016bichi Aoki, da Universidade Gakush\u016bin, vem conduzindo pesquisas e, ap\u00f3s minucioso exame da documenta\u00e7\u00e3o sob cust\u00f3dia da entidade \u2014 material de arquivo variado, incluindo manuscritos, publica\u00e7\u00f5es de diferentes entidades, panfletos etc., dispostos em 220 caixas; c\u00f4mputo geral ainda n\u00e3o realizado \u2014, conseguiu finalmente elaborar um plano geral de classifica\u00e7\u00e3o.<\/div>\n\n\n\n<h4 id=\"gspb_heading-id-gsbp-1b24a0e\" class=\"gspb_heading gspb_heading-id-gsbp-1b24a0e\">3.\u3000<strong><strong><strong><strong><strong>Documentos audiovisuais<\/strong><\/strong><\/strong><\/strong><\/strong><\/h4>\n\n\n\n<div id=\"gspb_text-id-gsbp-4dd42db\" class=\"gspb_text gspb_text-id-gsbp-4dd42db\">Naohiro Nagao, pesquisador visitante da Universidade T\u014dy\u014d,  concluiu o trabalho de digitaliza\u00e7\u00e3o do acervo fonogr\u00e1fico, transferindo-se o material digitalizado do disco r\u00edgido do computador para CDs \u201cvirgens\u201d. Assim, acreditamos haver tornado mais pr\u00e1tico o acesso \u00e0s grava\u00e7\u00f5es de palestras e semin\u00e1rios realizados pelo Centro de Estudos Nipo-Brasileiros durante a d\u00e9cada de 1970.<\/div>\n\n\n\n<div style=\"height:90px\" aria-hidden=\"true\" class=\"wp-block-spacer\"><\/div>\n\n\n\n<div id=\"07\" class=\"wp-block-group is-nowrap is-layout-flex wp-container-core-group-is-layout-5c4495dd wp-block-group-is-layout-flex\">\n<div class=\"wp-block-greenshift-blocks-iconbox gspb_iconBox gspb_iconBox-id-gsbp-dee1729\" id=\"gspb_iconBox-id-gsbp-dee1729\"><div class=\"gspb_iconBox__wrapper\" style=\"display:inline-flex\"><svg class=\"\" style=\"display:inline-block;vertical-align:middle\" width=\"72\" height=\"72\" viewbox=\"0 0 896 1024\" xmlns=\"https:\/\/www.w3.org\/2000\/svg\"><path style=\"fill:#565D66\" d=\"M832 416h-768c-35.34 0-64 28.66-64 64v64c0 35.34 28.66 64 64 64h768c35.34 0 64-28.66 64-64v-64c0-35.34-28.66-64-64-64z\"><\/path><\/svg><\/div><\/div>\n\n\n\n<h3 id=\"gspb_heading-id-gsbp-679725f\" class=\"gspb_heading gspb_heading-id-gsbp-679725f\"><strong><strong><strong><strong><strong>Projeto comemorativo de 50 anos de Funda\u00e7\u00e3o<\/strong><\/strong><\/strong><\/strong><\/strong><\/h3>\n<\/div>\n\n\n\n<div id=\"gspb_text-id-gsbp-cf7110e\" class=\"gspb_text gspb_text-id-gsbp-cf7110e\">Em 2015, o Centro de Estudos Nipo-Brasileiros (fundado em mar\u00e7o de 1965) completou 50 anos de exist\u00eancia. Para a ocasi\u00e3o, um conjunto de atividades comemorativas foi planejado com o objetivo de n\u00e3o somente reavaliar o passado, mas tamb\u00e9m pensar o futuro.<\/div>\n\n\n\n<h4 id=\"gspb_heading-id-gsbp-9bce9b8\" class=\"gspb_heading gspb_heading-id-gsbp-9bce9b8\">1.<strong><strong><strong><strong><strong><strong>A situa\u00e7\u00e3o Atual das Comunidades Japonesas no Brasil - Um pa\u00eds de Sociedade Multicultural\u00a0<\/strong><\/strong><\/strong><\/strong><\/strong><\/strong><\/h4>\n\n\n\n<div id=\"gspb_text-id-gsbp-a178270\" class=\"gspb_text gspb_text-id-gsbp-a178270\">O projeto foi lan\u00e7ado em abril de 2016, no marco do cinquenten\u00e1rio da funda\u00e7\u00e3o do JINMONKEN. Completou a primeira fase com coleta de dados de cerca de 500 locais pesquisados in loco constru\u00e7\u00e3o de um banco de dados, tabula\u00e7\u00e3o e inser\u00e7\u00e3o desses resultados. O resultado da pesquisa foi divulgado em reuni\u00f5es co-patrocinados pelo Consulado Geral do Jap\u00e3o e Federa\u00e7\u00e3o das Associa\u00e7\u00f5es de Prov\u00edncias do Jap\u00e3o no Brasil. Ao mesmo tempo, foi divulgado no site do JINMONKEN (cenb.org.br) o mapa da comunidade nikkei no Brasil. \u00c9 um mapa que reproduz uma nova imagem social das comunidades japonesas, a partir de suas situa\u00e7\u00f5es e circunst\u00e2ncias.<\/div>\n\n\n\n<h4 id=\"gspb_heading-id-gsbp-d229b16\" class=\"gspb_heading gspb_heading-id-gsbp-d229b16\">2.\u3000<strong><strong><strong><strong><strong><strong><strong>Centro de Estudos Nipo Brasileiros \u2013 Meio S\u00e9culo de Hist\u00f3ria<\/strong><\/strong><\/strong><\/strong><\/strong><\/strong><\/strong><\/h4>\n\n\n\n<div id=\"gspb_text-id-gsbp-c57fb57\" class=\"gspb_text gspb_text-id-gsbp-c57fb57\">Escrito por por Naohiro Nagao, Noriko Takayama e Neuza Matsuo. O lan\u00e7amento foi realizado na Associa\u00e7\u00e3o Aomori Kenjin do Brasil em 15 de junho, com presen\u00e7a de aproximadamente 50 pessoas. Tiragem de 300 exemplares.<\/div>\n\n\n\n<div id=\"gspb_text-id-gsbp-4d29319\" class=\"gspb_text gspb_text-id-gsbp-4d29319\">Atualiza\u00e7\u00e3o em 7 de agosto de 2025<\/div>\n<\/div>\n <\/div><\/div>","protected":false},"excerpt":{"rendered":"","protected":false},"author":1,"featured_media":0,"parent":0,"menu_order":0,"comment_status":"closed","ping_status":"closed","template":"","meta":{"_acf_changed":false,"_gspb_post_css":"#gspb_row-id-gsbp-6db374d{justify-content:space-between;margin-top:0;margin-bottom:0;display:flex;flex-wrap:wrap}#gspb_row-id-gsbp-6db374d>.gspb_row__content{display:flex;margin:0 auto;width:100%;flex-wrap:wrap;justify-content:center}.gspb_row{position:relative}div[id^=gspb_col-id]{box-sizing:border-box;position:relative;padding:var(--gs-row-column-padding, 15px min(3vw, 20px))}body.gspb-bodyfront #gspb_row-id-gsbp-6db374d>.gspb_row__content{width:var(--theme-container-width, 1200px);max-width:var(--theme-normal-container-max-width, 1200px)}#gspb_col-id-gsbp-2f5f616.gspb_row__col--12{width:100%}@media (max-width:575.98px){#gspb_col-id-gsbp-2f5f616.gspb_row__col--12{width:100%}}@media (min-width:992px){body.gspb-bodyfront #gspb_col-id-gsbp-2f5f616.gspb_row__col--12{width:calc(80% - 0px - 0px)}}#gspb_heading-id-gsbp-23b48f0{padding-bottom:15px}#gspb_iconBox-id-gsbp-6b1daef svg{height:40px!important;width:40px!important;min-width:40px!important;margin:0!important}#gspb_iconBox-id-gsbp-6b1daef{justify-content:center;display:flex}#gspb_iconBox-id-gsbp-6b1daef svg,#gspb_iconBox-id-gsbp-6b1daef svg path,#gspb_iconBox-id-gsbp-6b1daef svg:hover,#gspb_iconBox-id-gsbp-6b1daef svg:hover path{fill:var(--theme-link-initial-color, currentColor)!important}#gspb_heading-id-gsbp-784c969{margin-top:0}body.gspb-bodyfront #gspb_heading-id-gsbp-0a9979a,body.gspb-bodyfront #gspb_heading-id-gsbp-1b24a0e,body.gspb-bodyfront #gspb_heading-id-gsbp-2532325,body.gspb-bodyfront #gspb_heading-id-gsbp-266d8a1,body.gspb-bodyfront #gspb_heading-id-gsbp-679725f,body.gspb-bodyfront #gspb_heading-id-gsbp-7578d8a,body.gspb-bodyfront #gspb_heading-id-gsbp-784c969,body.gspb-bodyfront #gspb_heading-id-gsbp-9bce9b8,body.gspb-bodyfront #gspb_heading-id-gsbp-a74ca95,body.gspb-bodyfront #gspb_heading-id-gsbp-cd2cf54,body.gspb-bodyfront #gspb_heading-id-gsbp-d2188bd,body.gspb-bodyfront #gspb_heading-id-gsbp-d229b16{bottom:-20px}.gspb_text-id-gsbp-4221082{margin-top:40px!important;margin-bottom:40px!important}.gspb_container-id-gsbp-3f38ee9,.gspb_container-id-gsbp-651d88d,.gspb_container-id-gsbp-750d54d,.gspb_container-id-gsbp-9531cfb,.gspb_container-id-gsbp-97c1994,.gspb_container-id-gsbp-a419307,.gspb_container-id-gsbp-ab8bb05,.gspb_container-id-gsbp-cec4dfa{flex-direction:column;box-sizing:border-box}#gspb_container-id-gsbp-3f38ee9.gspb_container>p:last-of-type,#gspb_container-id-gsbp-523b250.gspb_container>p:last-of-type,#gspb_container-id-gsbp-651d88d.gspb_container>p:last-of-type,#gspb_container-id-gsbp-67168d7.gspb_container>p:last-of-type,#gspb_container-id-gsbp-750d54d.gspb_container>p:last-of-type,#gspb_container-id-gsbp-7dbba58.gspb_container>p:last-of-type,#gspb_container-id-gsbp-9531cfb.gspb_container>p:last-of-type,#gspb_container-id-gsbp-97c1994.gspb_container>p:last-of-type,#gspb_container-id-gsbp-a419307.gspb_container>p:last-of-type,#gspb_container-id-gsbp-ab8bb05.gspb_container>p:last-of-type,#gspb_container-id-gsbp-cec4dfa.gspb_container>p:last-of-type{margin-bottom:0}#gspb_iconBox-id-gsbp-9ee94c6{justify-content:center;display:flex}#gspb_iconBox-id-gsbp-9ee94c6 svg,#gspb_iconBox-id-gsbp-9ee94c6 svg path,#gspb_iconBox-id-gsbp-9ee94c6 svg:hover,#gspb_iconBox-id-gsbp-9ee94c6 svg:hover path{fill:var(--theme-link-initial-color, currentColor)!important}#gspb_heading-id-gsbp-0a9979a{margin-top:0}.gspb_text-id-gsbp-818583b{margin-top:40px!important;margin-bottom:0!important}#gspb_iconBox-id-gsbp-95f6f0e svg,#gspb_iconBox-id-gsbp-9ee94c6 svg{height:40px!important;width:40px!important;min-width:40px!important;margin:0!important}#gspb_iconBox-id-gsbp-95f6f0e{justify-content:center;display:flex}#gspb_iconBox-id-gsbp-95f6f0e svg,#gspb_iconBox-id-gsbp-95f6f0e svg path,#gspb_iconBox-id-gsbp-95f6f0e svg:hover,#gspb_iconBox-id-gsbp-95f6f0e svg:hover path{fill:var(--theme-link-initial-color, currentColor)!important}#gspb_heading-id-gsbp-d2188bd{margin-top:0}.gspb_text-id-gsbp-2adfb89{margin-top:40px!important;margin-bottom:40px!important}.gspb_container-id-gsbp-523b250,.gspb_container-id-gsbp-67168d7,.gspb_container-id-gsbp-7dbba58{flex-direction:column;box-sizing:border-box}#gspb_container-id-gsbp-3f38ee9.gspb_container,#gspb_container-id-gsbp-523b250.gspb_container,#gspb_container-id-gsbp-651d88d.gspb_container,#gspb_container-id-gsbp-67168d7.gspb_container,#gspb_container-id-gsbp-750d54d.gspb_container,#gspb_container-id-gsbp-7dbba58.gspb_container,#gspb_container-id-gsbp-9531cfb.gspb_container,#gspb_container-id-gsbp-97c1994.gspb_container,#gspb_container-id-gsbp-a419307.gspb_container,#gspb_container-id-gsbp-ab8bb05.gspb_container,#gspb_container-id-gsbp-cec4dfa.gspb_container{position:relative;margin-bottom:20px;padding:20px;border-style:solid;border-width:3px;border-color:var(--wp--preset--color--palette-color-1, var(--theme-palette-color-1, #006766))}#gspb_iconBox-id-gsbp-1cc3440{justify-content:center;display:flex}#gspb_iconBox-id-gsbp-1cc3440 svg,#gspb_iconBox-id-gsbp-1cc3440 svg path,#gspb_iconBox-id-gsbp-1cc3440 svg:hover,#gspb_iconBox-id-gsbp-1cc3440 svg:hover path{fill:var(--theme-link-initial-color, currentColor)!important}#gspb_heading-id-gsbp-a74ca95{margin-top:0}.gspb_text-id-gsbp-6dc5063,.gspb_text-id-gsbp-8edfa03,.gspb_text-id-gsbp-ce6b028,.gspb_text-id-gsbp-e1fa58a{margin-top:40px!important;margin-bottom:40px!important}#gspb_iconBox-id-gsbp-1cc3440 svg,#gspb_iconBox-id-gsbp-dd33902 svg{height:40px!important;width:40px!important;min-width:40px!important;margin:0!important}#gspb_iconBox-id-gsbp-dd33902{justify-content:center;display:flex}#gspb_iconBox-id-gsbp-dd33902 svg,#gspb_iconBox-id-gsbp-dd33902 svg path,#gspb_iconBox-id-gsbp-dd33902 svg:hover,#gspb_iconBox-id-gsbp-dd33902 svg:hover path{fill:var(--theme-link-initial-color, currentColor)!important}#gspb_heading-id-gsbp-7578d8a{margin-top:0}#gspb_iconBox-id-gsbp-363e885{justify-content:center;display:flex}#gspb_iconBox-id-gsbp-363e885 svg,#gspb_iconBox-id-gsbp-363e885 svg path,#gspb_iconBox-id-gsbp-363e885 svg:hover,#gspb_iconBox-id-gsbp-363e885 svg:hover path{fill:var(--theme-link-initial-color, currentColor)!important}#gspb_heading-id-gsbp-cd2cf54{margin-top:0}#gspb_heading-id-gsbp-2532325{margin-top:40px}#gspb_heading-id-gsbp-1b24a0e,#gspb_heading-id-gsbp-266d8a1{margin-top:0}.gspb_text-id-gsbp-4dd42db{margin-top:40px!important;margin-bottom:0!important}#gspb_iconBox-id-gsbp-363e885 svg,#gspb_iconBox-id-gsbp-dee1729 svg{height:40px!important;width:40px!important;min-width:40px!important;margin:0!important}#gspb_iconBox-id-gsbp-dee1729{justify-content:center;display:flex}#gspb_iconBox-id-gsbp-dee1729 svg,#gspb_iconBox-id-gsbp-dee1729 svg path,#gspb_iconBox-id-gsbp-dee1729 svg:hover,#gspb_iconBox-id-gsbp-dee1729 svg:hover path{fill:var(--theme-link-initial-color, currentColor)!important}#gspb_heading-id-gsbp-679725f,#gspb_heading-id-gsbp-9bce9b8,#gspb_heading-id-gsbp-d229b16{margin-top:0}.gspb_text-id-gsbp-a178270,.gspb_text-id-gsbp-c57fb57,.gspb_text-id-gsbp-cf7110e{margin-top:40px!important;margin-bottom:40px!important}.gspb_text-id-gsbp-4d29319,.gspb_text-id-gsbp-4d29319 .gsap-g-line{text-align:right!important}.gspb_text-id-gsbp-4d29319{margin-top:20px!important;margin-bottom:40px!important}","footnotes":""},"class_list":["post-18644","page","type-page","status-publish","hentry"],"blocksy_meta":{"page_structure_type":"type-1","styles_descriptor":{"styles":{"desktop":"","tablet":"","mobile":""},"google_fonts":[],"version":6}},"acf":[],"_links":{"self":[{"href":"https:\/\/cenb.org.br\/pt\/wp-json\/wp\/v2\/pages\/18644","targetHints":{"allow":["GET"]}}],"collection":[{"href":"https:\/\/cenb.org.br\/pt\/wp-json\/wp\/v2\/pages"}],"about":[{"href":"https:\/\/cenb.org.br\/pt\/wp-json\/wp\/v2\/types\/page"}],"author":[{"embeddable":true,"href":"https:\/\/cenb.org.br\/pt\/wp-json\/wp\/v2\/users\/1"}],"replies":[{"embeddable":true,"href":"https:\/\/cenb.org.br\/pt\/wp-json\/wp\/v2\/comments?post=18644"}],"version-history":[{"count":55,"href":"https:\/\/cenb.org.br\/pt\/wp-json\/wp\/v2\/pages\/18644\/revisions"}],"predecessor-version":[{"id":66741,"href":"https:\/\/cenb.org.br\/pt\/wp-json\/wp\/v2\/pages\/18644\/revisions\/66741"}],"wp:attachment":[{"href":"https:\/\/cenb.org.br\/pt\/wp-json\/wp\/v2\/media?parent=18644"}],"curies":[{"name":"wp","href":"https:\/\/api.w.org\/{rel}","templated":true}]}}